{"id":1265,"date":"2025-06-18T22:00:37","date_gmt":"2025-06-18T20:00:37","guid":{"rendered":"https:\/\/aevbts.org\/?page_id=1265"},"modified":"2025-06-29T21:41:24","modified_gmt":"2025-06-29T19:41:24","slug":"junta-directiva-nacional","status":"publish","type":"page","link":"https:\/\/aevbts.org\/?page_id=1265","title":{"rendered":"Junta Directiva Nacional"},"content":{"rendered":"<div data-colibri-id=\"1265-c1\" class=\"style-633 style-local-1265-c1 position-relative\">\n  <!---->\n  <div data-colibri-component=\"section\" data-colibri-id=\"1265-c2\" data-aos=\"zoomIn\" id=\"team\" class=\"h-section h-section-global-spacing d-flex align-items-lg-center align-items-md-center align-items-center style-693 style-local-1265-c2 position-relative\">\n    <!---->\n    <!---->\n    <div class=\"h-section-grid-container h-section-boxed-container\">\n      <!---->\n      <div data-colibri-id=\"1265-c3\" class=\"h-row-container gutters-row-lg-2 gutters-row-md-2 gutters-row-0 gutters-row-v-lg-2 gutters-row-v-md-2 gutters-row-v-2 style-694 style-local-1265-c3 position-relative\">\n        <!---->\n        <div class=\"h-row justify-content-lg-center justify-content-md-center justify-content-center align-items-lg-stretch align-items-md-stretch align-items-stretch gutters-col-lg-2 gutters-col-md-2 gutters-col-0 gutters-col-v-lg-2 gutters-col-v-md-2 gutters-col-v-2\">\n          <!---->\n          <div class=\"h-column h-column-container d-flex h-col-lg-3 h-col-md-6 h-col-12 style-695-outer style-local-1265-c4-outer\">\n            <div data-colibri-id=\"1265-c4\" class=\"d-flex h-flex-basis h-column__inner h-px-lg-0 h-px-md-0 h-px-0 v-inner-lg-0 v-inner-md-0 v-inner-0 style-695 style-local-1265-c4 position-relative\">\n              <!---->\n              <!---->\n              <div class=\"w-100 h-y-container h-column__content h-column__v-align flex-basis-100 align-self-lg-start align-self-md-start align-self-start\">\n                <!---->\n                <div data-colibri-id=\"1265-c5\" class=\"d-block style-703 style-local-1265-c5 position-relative h-element\">\n                  <!---->\n                  <div class=\"h-image__frame-container-outer\">\n                    <div class=\"h-image__frame-container\">\n                      <!---->\n                      <!---->\n                      <img loading=\"lazy\" decoding=\"async\" width=\"975\" height=\"976\" src=\"https:\/\/aevbts.org\/wp-content\/uploads\/2025\/06\/cropped-PRESIDENTE-TOMS-VELA.jpg\" class=\"wp-image-1344 style-703-image style-local-1265-c5-image\" alt=\"\" srcset=\"https:\/\/aevbts.org\/wp-content\/uploads\/2025\/06\/cropped-PRESIDENTE-TOMS-VELA.jpg 975w, https:\/\/aevbts.org\/wp-content\/uploads\/2025\/06\/cropped-PRESIDENTE-TOMS-VELA-300x300.jpg 300w, https:\/\/aevbts.org\/wp-content\/uploads\/2025\/06\/cropped-PRESIDENTE-TOMS-VELA-150x150.jpg 150w, https:\/\/aevbts.org\/wp-content\/uploads\/2025\/06\/cropped-PRESIDENTE-TOMS-VELA-768x769.jpg 768w\" sizes=\"auto, (max-width: 975px) 100vw, 975px\" \/>\n                      <div class=\"h-image__frame h-hide-lg h-hide-md h-hide-sm style-703-frameImage style-local-1265-c5-frameImage\"><\/div>\n                    <\/div>\n                  <\/div>\n                <\/div>\n                <div data-colibri-id=\"1265-c6\" class=\"h-global-transition-all h-heading style-697 style-local-1265-c6 position-relative h-element\">\n                  <!---->\n                  <div class=\"h-heading__outer style-697 style-local-1265-c6\">\n                    <!---->\n                    <!---->\n                    <h4 class=\"\">Tom\u00e1s Vela Esperab\u00e9<\/h4>\n                  <\/div>\n                <\/div>\n                <div data-colibri-id=\"1265-c7\" class=\"h-text h-text-component style-698 style-local-1265-c7 position-relative h-element\">\n                  <!---->\n                  <!---->\n                  <div class=\"\">\n                    <p>Presidente<\/p>\n                  <\/div>\n                <\/div>\n                <div data-colibri-id=\"1265-c8\" class=\"h-text h-text-component style-699 style-local-1265-c8 position-relative h-element\">\n                  <!---->\n                  <!---->\n                  <div class=\"\">\n                    <p>Prest\u00f3 servicio durante 18 a\u00f1os en la Brigada N.\u00ba 49 (Zaragoza) <\/p>\n                    <p>Alcanz\u00f3 el empleo de Oficial 1\u00ba <\/p>\n                    <p>Es Fundador de la Asociaci\u00f3n y ocupa el cargo de Presidente desde 2020 a 2025, habiendo sido reelegido en Mayo de 2025 <\/p>\n                    <p>Pertenece a la Delegaci\u00f3n de Zona de Arag\u00f3n <\/p>\n                  <\/div>\n                <\/div>\n              <\/div>\n            <\/div>\n          <\/div>\n          <div class=\"h-column h-column-container d-flex h-col-lg-3 h-col-md-6 h-col-12 style-695-outer style-local-1265-c9-outer\">\n            <div data-colibri-id=\"1265-c9\" class=\"d-flex h-flex-basis h-column__inner h-px-lg-0 h-px-md-0 h-px-0 v-inner-lg-0 v-inner-md-0 v-inner-0 style-695 style-local-1265-c9 position-relative\">\n              <!---->\n              <!---->\n              <div class=\"w-100 h-y-container h-column__content h-column__v-align flex-basis-100 align-self-lg-start align-self-md-start align-self-start\">\n                <!---->\n                <div data-colibri-id=\"1265-c10\" class=\"d-block style-703 style-local-1265-c10 position-relative h-element\">\n                  <!---->\n                  <div class=\"h-image__frame-container-outer\">\n                    <div class=\"h-image__frame-container\">\n                      <!---->\n                      <!---->\n                      <img loading=\"lazy\" decoding=\"async\" width=\"396\" height=\"396\" src=\"https:\/\/aevbts.org\/wp-content\/uploads\/2025\/06\/cropped-cropped-VICEPRESIDENTE-LUIS-BOGGIERO-MADRIGAL-1.jpg\" class=\"wp-image-1353 style-703-image style-local-1265-c10-image\" alt=\"\" srcset=\"https:\/\/aevbts.org\/wp-content\/uploads\/2025\/06\/cropped-cropped-VICEPRESIDENTE-LUIS-BOGGIERO-MADRIGAL-1.jpg 396w, https:\/\/aevbts.org\/wp-content\/uploads\/2025\/06\/cropped-cropped-VICEPRESIDENTE-LUIS-BOGGIERO-MADRIGAL-1-300x300.jpg 300w, https:\/\/aevbts.org\/wp-content\/uploads\/2025\/06\/cropped-cropped-VICEPRESIDENTE-LUIS-BOGGIERO-MADRIGAL-1-150x150.jpg 150w\" sizes=\"auto, (max-width: 396px) 100vw, 396px\" \/>\n                      <div class=\"h-image__frame h-hide-lg h-hide-md h-hide-sm style-703-frameImage style-local-1265-c10-frameImage\"><\/div>\n                    <\/div>\n                  <\/div>\n                <\/div>\n                <div data-colibri-id=\"1265-c11\" class=\"h-global-transition-all h-heading style-697 style-local-1265-c11 position-relative h-element\">\n                  <!---->\n                  <div class=\"h-heading__outer style-697 style-local-1265-c11\">\n                    <!---->\n                    <!---->\n                    <h4 class=\"\">Luis Boggiero Madrigal<\/h4>\n                  <\/div>\n                <\/div>\n                <div data-colibri-id=\"1265-c12\" class=\"h-text h-text-component style-698 style-local-1265-c12 position-relative h-element\">\n                  <!---->\n                  <!---->\n                  <div class=\"\">\n                    <p>Vicepresidente<\/p>\n                  <\/div>\n                <\/div>\n                <div data-colibri-id=\"1265-c13\" class=\"h-text h-text-component style-699 style-local-1265-c13 position-relative h-element\">\n                  <!---->\n                  <!---->\n                  <div class=\"\">\n                    <p>Prest\u00f3 servicio durante 22 a\u00f1os en la Brigada N.\u00ba 01 (Madrid) <\/p>\n                    <p>Alcanz\u00f3 el empleo de Vicecomodoro 1\u00ba <\/p>\n                    <p>Es Fundador de la Asociaci\u00f3n y ocupa el cargo de Vicepresidente desde 2020 a 2025, habiendo sido reelegido en Mayo de 2025 <\/p>\n                    <p>Pertenece a la Delegaci\u00f3n de Zona de Andaluc\u00eda <\/p>\n                  <\/div>\n                <\/div>\n              <\/div>\n            <\/div>\n          <\/div>\n          <div class=\"h-column h-column-container d-flex h-col-lg-3 h-col-md-6 h-col-12 style-695-outer style-local-1265-c14-outer\">\n            <div data-colibri-id=\"1265-c14\" class=\"d-flex h-flex-basis h-column__inner h-px-lg-0 h-px-md-0 h-px-0 v-inner-lg-0 v-inner-md-0 v-inner-0 style-695 style-local-1265-c14 position-relative\">\n              <!---->\n              <!---->\n              <div class=\"w-100 h-y-container h-column__content h-column__v-align flex-basis-100 align-self-lg-start align-self-md-start align-self-start\">\n                <!---->\n                <div data-colibri-id=\"1265-c15\" class=\"d-block style-705 style-local-1265-c15 position-relative h-element\">\n                  <!---->\n                  <div class=\"h-image__frame-container-outer\">\n                    <div class=\"h-image__frame-container\">\n                      <!---->\n                      <!---->\n                      <img loading=\"lazy\" decoding=\"async\" width=\"389\" height=\"389\" src=\"https:\/\/aevbts.org\/wp-content\/uploads\/2025\/06\/cropped-cropped-VICEPRESIDENTE-MANUEL-HORNA-VALIOS-1.jpg\" class=\"wp-image-1358 style-705-image style-local-1265-c15-image\" alt=\"\" srcset=\"https:\/\/aevbts.org\/wp-content\/uploads\/2025\/06\/cropped-cropped-VICEPRESIDENTE-MANUEL-HORNA-VALIOS-1.jpg 389w, https:\/\/aevbts.org\/wp-content\/uploads\/2025\/06\/cropped-cropped-VICEPRESIDENTE-MANUEL-HORNA-VALIOS-1-300x300.jpg 300w, https:\/\/aevbts.org\/wp-content\/uploads\/2025\/06\/cropped-cropped-VICEPRESIDENTE-MANUEL-HORNA-VALIOS-1-150x150.jpg 150w\" sizes=\"auto, (max-width: 389px) 100vw, 389px\" \/>\n                      <div class=\"h-image__frame h-hide-lg h-hide-md h-hide-sm style-705-frameImage style-local-1265-c15-frameImage\"><\/div>\n                    <\/div>\n                  <\/div>\n                <\/div>\n                <div data-colibri-id=\"1265-c16\" class=\"h-global-transition-all h-heading style-697 style-local-1265-c16 position-relative h-element\">\n                  <!---->\n                  <div class=\"h-heading__outer style-697 style-local-1265-c16\">\n                    <!---->\n                    <!---->\n                    <h4 class=\"\">Manuel Horna Valios<\/h4>\n                  <\/div>\n                <\/div>\n                <div data-colibri-id=\"1265-c17\" class=\"h-text h-text-component style-698 style-local-1265-c17 position-relative h-element\">\n                  <!---->\n                  <!---->\n                  <div class=\"\">\n                    <p>Vicepresidente<\/p>\n                  <\/div>\n                <\/div>\n                <div data-colibri-id=\"1265-c18\" class=\"h-text h-text-component style-699 style-local-1265-c18 position-relative h-element\">\n                  <!---->\n                  <!---->\n                  <div class=\"\">\n                    <p>Prest\u00f3 servicio durante 25 a\u00f1os en la Brigada N.\u00ba 49 (Zaragoza) <\/p>\n                    <p>Alcanz\u00f3 el empleo de Oficial 1\u00ba <\/p>\n                    <p>ocupa el cargo de Vicepresidente desde&nbsp;Mayo de 2025 <\/p>\n                    <p>Pertenece a la Delegaci\u00f3n de Zona de Arag\u00f3n <\/p>\n                  <\/div>\n                <\/div>\n              <\/div>\n            <\/div>\n          <\/div>\n          <div class=\"h-column h-column-container d-flex h-col-lg-3 h-col-md-6 h-col-12 style-695-outer style-local-1265-c19-outer\">\n            <div data-colibri-id=\"1265-c19\" class=\"d-flex h-flex-basis h-column__inner h-px-lg-0 h-px-md-0 h-px-0 v-inner-lg-0 v-inner-md-0 v-inner-0 style-695 style-local-1265-c19 position-relative\">\n              <!---->\n              <!---->\n              <div class=\"w-100 h-y-container h-column__content h-column__v-align flex-basis-100 align-self-lg-start align-self-md-start align-self-start\">\n                <!---->\n                <div data-colibri-id=\"1265-c20\" class=\"d-block style-701 style-local-1265-c20 position-relative h-element\">\n                  <!---->\n                  <div class=\"h-image__frame-container-outer\">\n                    <div class=\"h-image__frame-container\">\n                      <!---->\n                      <!---->\n                      <img loading=\"lazy\" decoding=\"async\" width=\"1260\" height=\"1262\" src=\"https:\/\/aevbts.org\/wp-content\/uploads\/2025\/06\/cropped-cropped-cropped-SECRETARIO-TESORERO-MANUEL-MALUENDA-GELABERT-1.jpg\" class=\"wp-image-1357 style-701-image style-local-1265-c20-image\" alt=\"\" srcset=\"https:\/\/aevbts.org\/wp-content\/uploads\/2025\/06\/cropped-cropped-cropped-SECRETARIO-TESORERO-MANUEL-MALUENDA-GELABERT-1.jpg 1260w, https:\/\/aevbts.org\/wp-content\/uploads\/2025\/06\/cropped-cropped-cropped-SECRETARIO-TESORERO-MANUEL-MALUENDA-GELABERT-1-300x300.jpg 300w, https:\/\/aevbts.org\/wp-content\/uploads\/2025\/06\/cropped-cropped-cropped-SECRETARIO-TESORERO-MANUEL-MALUENDA-GELABERT-1-1022x1024.jpg 1022w, https:\/\/aevbts.org\/wp-content\/uploads\/2025\/06\/cropped-cropped-cropped-SECRETARIO-TESORERO-MANUEL-MALUENDA-GELABERT-1-150x150.jpg 150w, https:\/\/aevbts.org\/wp-content\/uploads\/2025\/06\/cropped-cropped-cropped-SECRETARIO-TESORERO-MANUEL-MALUENDA-GELABERT-1-768x769.jpg 768w\" sizes=\"auto, (max-width: 1260px) 100vw, 1260px\" \/>\n                      <div class=\"h-image__frame h-hide-lg h-hide-md h-hide-sm style-701-frameImage style-local-1265-c20-frameImage\"><\/div>\n                    <\/div>\n                  <\/div>\n                <\/div>\n                <div data-colibri-id=\"1265-c21\" class=\"h-global-transition-all h-heading style-697 style-local-1265-c21 position-relative h-element\">\n                  <!---->\n                  <div class=\"h-heading__outer style-697 style-local-1265-c21\">\n                    <!---->\n                    <!---->\n                    <h4 class=\"\">Manuel Maluenda Gelabert<\/h4>\n                  <\/div>\n                <\/div>\n                <div data-colibri-id=\"1265-c22\" class=\"h-text h-text-component style-698 style-local-1265-c22 position-relative h-element\">\n                  <!---->\n                  <!---->\n                  <div class=\"\">\n                    <p>Secretario-Tesorero<\/p>\n                  <\/div>\n                <\/div>\n                <div data-colibri-id=\"1265-c23\" class=\"h-text h-text-component style-699 style-local-1265-c23 position-relative h-element\">\n                  <!---->\n                  <!---->\n                  <div class=\"\">\n                    <p>Prest\u00f3 servicio durante 18 a\u00f1os en la Brigada N.\u00ba 09 (Barcelona) <\/p>\n                    <p>Alcanz\u00f3 el empleo de Sargento <\/p>\n                    <p>Es Fundador de la Asociaci\u00f3n y ocupa el cargo de Secretario-Tesorero desde 2020 a 2025, habiendo sido reelegido en Mayo de 2025 <\/p>\n                    <p>Pertenece a la Delegaci\u00f3n de Zona de Catalu\u00f1a <\/p>\n                  <\/div>\n                <\/div>\n              <\/div>\n            <\/div>\n          <\/div>\n          <div class=\"h-column h-column-container d-flex h-col-lg-3 h-col-md-6 h-col-12 style-695-outer style-local-1265-c24-outer\">\n            <div data-colibri-id=\"1265-c24\" class=\"d-flex h-flex-basis h-column__inner h-px-lg-0 h-px-md-0 h-px-0 v-inner-lg-0 v-inner-md-0 v-inner-0 style-695 style-local-1265-c24 position-relative\">\n              <!---->\n              <!---->\n              <div class=\"w-100 h-y-container h-column__content h-column__v-align flex-basis-100 align-self-lg-start align-self-md-start align-self-start\">\n                <!---->\n                <div data-colibri-id=\"1265-c25\" class=\"d-block style-705 style-local-1265-c25 position-relative h-element\">\n                  <!---->\n                  <div class=\"h-image__frame-container-outer\">\n                    <div class=\"h-image__frame-container\">\n                      <!---->\n                      <!---->\n                      <img loading=\"lazy\" decoding=\"async\" width=\"1237\" height=\"1239\" src=\"https:\/\/aevbts.org\/wp-content\/uploads\/2025\/06\/cropped-cropped-cropped-VOCAL-DOMI-CAMPOS.jpg\" class=\"wp-image-1359 style-705-image style-local-1265-c25-image\" alt=\"\" srcset=\"https:\/\/aevbts.org\/wp-content\/uploads\/2025\/06\/cropped-cropped-cropped-VOCAL-DOMI-CAMPOS.jpg 1237w, https:\/\/aevbts.org\/wp-content\/uploads\/2025\/06\/cropped-cropped-cropped-VOCAL-DOMI-CAMPOS-300x300.jpg 300w, https:\/\/aevbts.org\/wp-content\/uploads\/2025\/06\/cropped-cropped-cropped-VOCAL-DOMI-CAMPOS-1022x1024.jpg 1022w, https:\/\/aevbts.org\/wp-content\/uploads\/2025\/06\/cropped-cropped-cropped-VOCAL-DOMI-CAMPOS-150x150.jpg 150w, https:\/\/aevbts.org\/wp-content\/uploads\/2025\/06\/cropped-cropped-cropped-VOCAL-DOMI-CAMPOS-768x769.jpg 768w\" sizes=\"auto, (max-width: 1237px) 100vw, 1237px\" \/>\n                      <div class=\"h-image__frame h-hide-lg h-hide-md h-hide-sm style-705-frameImage style-local-1265-c25-frameImage\"><\/div>\n                    <\/div>\n                  <\/div>\n                <\/div>\n                <div data-colibri-id=\"1265-c26\" class=\"h-global-transition-all h-heading style-697 style-local-1265-c26 position-relative h-element\">\n                  <!---->\n                  <div class=\"h-heading__outer style-697 style-local-1265-c26\">\n                    <!---->\n                    <!---->\n                    <h4 class=\"\">Dominga Campos Glez.<\/h4>\n                  <\/div>\n                <\/div>\n                <div data-colibri-id=\"1265-c27\" class=\"h-text h-text-component style-698 style-local-1265-c27 position-relative h-element\">\n                  <!---->\n                  <!---->\n                  <div class=\"\">\n                    <p>Vocal<\/p>\n                  <\/div>\n                <\/div>\n                <div data-colibri-id=\"1265-c28\" class=\"h-text h-text-component style-699 style-local-1265-c28 position-relative h-element\">\n                  <!---->\n                  <!---->\n                  <div class=\"\">\n                    <p>Prest\u00f3 servicio durante 06 a\u00f1os en la Brigada N.\u00ba 09 (Barcelona) <\/p>\n                    <p>Alcanz\u00f3 el empleo de Cabo 1\u00ba <\/p>\n                    <p>Ocupa el cargo de Vocal desde&nbsp;Mayo de 2025 <\/p>\n                    <p>Pertenece a la Delegaci\u00f3n de Zona de Arag\u00f3n <\/p>\n                  <\/div>\n                <\/div>\n              <\/div>\n            <\/div>\n          <\/div>\n          <div class=\"h-column h-column-container d-flex h-col-lg-3 h-col-md-6 h-col-12 style-695-outer style-local-1265-c29-outer\">\n            <div data-colibri-id=\"1265-c29\" class=\"d-flex h-flex-basis h-column__inner h-px-lg-0 h-px-md-0 h-px-0 v-inner-lg-0 v-inner-md-0 v-inner-0 style-695 style-local-1265-c29 position-relative\">\n              <!---->\n              <!---->\n              <div class=\"w-100 h-y-container h-column__content h-column__v-align flex-basis-100 align-self-lg-start align-self-md-start align-self-start\">\n                <!---->\n                <div data-colibri-id=\"1265-c30\" class=\"d-block style-705 style-local-1265-c30 position-relative h-element\">\n                  <!---->\n                  <div class=\"h-image__frame-container-outer\">\n                    <div class=\"h-image__frame-container\">\n                      <!---->\n                      <!---->\n                      <img loading=\"lazy\" decoding=\"async\" width=\"736\" height=\"757\" src=\"https:\/\/aevbts.org\/wp-content\/uploads\/2025\/06\/cropped-Imagen-de-WhatsApp-2025-06-28-a-las-13.52.41_660e94ba.jpg\" class=\"wp-image-1471 style-705-image style-local-1265-c30-image\" alt=\"\" srcset=\"https:\/\/aevbts.org\/wp-content\/uploads\/2025\/06\/cropped-Imagen-de-WhatsApp-2025-06-28-a-las-13.52.41_660e94ba.jpg 736w, https:\/\/aevbts.org\/wp-content\/uploads\/2025\/06\/cropped-Imagen-de-WhatsApp-2025-06-28-a-las-13.52.41_660e94ba-292x300.jpg 292w\" sizes=\"auto, (max-width: 736px) 100vw, 736px\" \/>\n                      <div class=\"h-image__frame h-hide-lg h-hide-md h-hide-sm style-705-frameImage style-local-1265-c30-frameImage\"><\/div>\n                    <\/div>\n                  <\/div>\n                <\/div>\n                <div data-colibri-id=\"1265-c31\" class=\"h-global-transition-all h-heading style-697 style-local-1265-c31 position-relative h-element\">\n                  <!---->\n                  <div class=\"h-heading__outer style-697 style-local-1265-c31\">\n                    <!---->\n                    <!---->\n                    <h4 class=\"\">Antonio P\u00e9rez Fuerte<\/h4>\n                  <\/div>\n                <\/div>\n                <div data-colibri-id=\"1265-c32\" class=\"h-text h-text-component style-698 style-local-1265-c32 position-relative h-element\">\n                  <!---->\n                  <!---->\n                  <div class=\"\">\n                    <p>Vocal<\/p>\n                  <\/div>\n                <\/div>\n                <div data-colibri-id=\"1265-c33\" class=\"h-text h-text-component style-699 style-local-1265-c33 position-relative h-element\">\n                  <!---->\n                  <!---->\n                  <div class=\"\">\n                    <p>Prest\u00f3 servicio durante 07 a\u00f1os en la Brigada N.\u00ba 01 (Madrid) <\/p>\n                    <p>Alcanz\u00f3 el empleo de Sargento <\/p>\n                    <p>Ocupa el cargo de Vocal desde&nbsp;Mayo de 2025 <\/p>\n                    <p>Pertenece a la Delegaci\u00f3n de Zona de Madrid <\/p>\n                  <\/div>\n                <\/div>\n              <\/div>\n            <\/div>\n          <\/div>\n        <\/div>\n      <\/div>\n    <\/div>\n  <\/div>\n<\/div>","protected":false},"excerpt":{"rendered":"<p>Tom\u00e1s Vela Esperab\u00e9 Presidente Prest\u00f3 servicio durante 18 a\u00f1os en la Brigada N.\u00ba [&hellip;]<\/p>\n","protected":false},"author":1,"featured_media":0,"parent":0,"menu_order":0,"comment_status":"closed","ping_status":"closed","template":"page-templates\/full-width-page.php","meta":{"footnotes":""},"class_list":["post-1265","page","type-page","status-publish","hentry"],"_links":{"self":[{"href":"https:\/\/aevbts.org\/index.php?rest_route=\/wp\/v2\/pages\/1265","targetHints":{"allow":["GET"]}}],"collection":[{"href":"https:\/\/aevbts.org\/index.php?rest_route=\/wp\/v2\/pages"}],"about":[{"href":"https:\/\/aevbts.org\/index.php?rest_route=\/wp\/v2\/types\/page"}],"author":[{"embeddable":true,"href":"https:\/\/aevbts.org\/index.php?rest_route=\/wp\/v2\/users\/1"}],"replies":[{"embeddable":true,"href":"https:\/\/aevbts.org\/index.php?rest_route=%2Fwp%2Fv2%2Fcomments&post=1265"}],"version-history":[{"count":9,"href":"https:\/\/aevbts.org\/index.php?rest_route=\/wp\/v2\/pages\/1265\/revisions"}],"predecessor-version":[{"id":1474,"href":"https:\/\/aevbts.org\/index.php?rest_route=\/wp\/v2\/pages\/1265\/revisions\/1474"}],"wp:attachment":[{"href":"https:\/\/aevbts.org\/index.php?rest_route=%2Fwp%2Fv2%2Fmedia&parent=1265"}],"curies":[{"name":"wp","href":"https:\/\/api.w.org\/{rel}","templated":true}]}}