{"id":469,"date":"2025-05-08T00:11:28","date_gmt":"2025-05-07T22:11:28","guid":{"rendered":"http:\/\/aevbts-test.myddns.me\/wordpress\/?page_id=469"},"modified":"2025-10-07T23:05:31","modified_gmt":"2025-10-07T21:05:31","slug":"novedades","status":"publish","type":"page","link":"https:\/\/aevbts.org\/?page_id=469","title":{"rendered":"Novedades"},"content":{"rendered":"<div data-colibri-id=\"469-c1\" class=\"style-580 style-local-469-c1 position-relative\">\n  <!---->\n  <div data-colibri-component=\"section\" data-colibri-id=\"469-c2\" id=\"content\" class=\"h-section h-section-global-spacing d-flex align-items-lg-center align-items-md-center align-items-center style-581 style-local-469-c2 position-relative\">\n    <!---->\n    <!---->\n    <div class=\"h-section-grid-container h-section-boxed-container\">\n      <div data-colibri-id=\"469-c92\" class=\"h-row-container gutters-row-lg-2 gutters-row-md-2 gutters-row-2 gutters-row-v-lg-2 gutters-row-v-md-2 gutters-row-v-2 style-593 style-local-469-c92 position-relative\">\n        <!---->\n        <div class=\"h-row justify-content-lg-center justify-content-md-center justify-content-center align-items-lg-stretch align-items-md-stretch align-items-stretch gutters-col-lg-2 gutters-col-md-2 gutters-col-2 gutters-col-v-lg-2 gutters-col-v-md-2 gutters-col-v-2\">\n          <!---->\n          <div class=\"h-column h-column-container d-flex h-col-lg-auto h-col-md-auto h-col-auto style-594-outer style-local-469-c93-outer\">\n            <div data-colibri-id=\"469-c93\" class=\"d-flex h-flex-basis h-column__inner h-px-lg-2 h-px-md-2 h-px-2 v-inner-lg-2 v-inner-md-2 v-inner-2 style-594 style-local-469-c93 position-relative\">\n              <!---->\n              <!---->\n              <div class=\"w-100 h-y-container h-column__content h-column__v-align flex-basis-100 align-self-lg-start align-self-md-start align-self-start\">\n                <!---->\n                <div data-colibri-id=\"469-c94\" class=\"h-global-transition-all h-heading style-595 style-local-469-c94 position-relative h-element\">\n                  <!---->\n                  <div class=\"h-heading__outer style-595 style-local-469-c94\">\n                    <!---->\n                    <!---->\n                    <h2 class=\"\">Ultimas noticias relacionadas con la asociaci\u00f3n<\/h2>\n                  <\/div>\n                <\/div>\n              <\/div>\n            <\/div>\n          <\/div>\n        <\/div>\n      <\/div>\n      <div data-colibri-id=\"469-c95\" class=\"h-row-container gutters-row-lg-0 gutters-row-md-0 gutters-row-0 gutters-row-v-lg-0 gutters-row-v-md-0 gutters-row-v-0 style-726 style-local-469-c95 position-relative\">\n        <!---->\n        <div class=\"h-row justify-content-lg-center justify-content-md-center justify-content-center align-items-lg-stretch align-items-md-stretch align-items-stretch gutters-col-lg-0 gutters-col-md-0 gutters-col-0 gutters-col-v-lg-0 gutters-col-v-md-0 gutters-col-v-0\">\n          <!---->\n          <div class=\"h-column h-column-container d-flex h-col-lg-auto h-col-md-auto h-col-auto style-728-outer style-local-469-c102-outer\">\n            <div data-colibri-id=\"469-c102\" class=\"d-flex h-flex-basis h-column__inner h-px-lg-1 h-px-md-1 h-px-1 v-inner-lg-1 v-inner-md-1 v-inner-1 style-728 style-local-469-c102 position-relative\">\n              <!---->\n              <!---->\n              <div class=\"w-100 h-y-container h-column__content h-column__v-align flex-basis-100 align-self-lg-start align-self-md-start align-self-start\">\n                <!---->\n                <div data-colibri-id=\"469-c103\" class=\"h-text h-text-component style-730 style-local-469-c103 position-relative h-element\">\n                  <!---->\n                  <!---->\n                  <div class=\"\">\n                    <p><em style=\"font-weight: 500;\">05 de Octubre de 2025.<\/em>&#8211; Actos de Homenaje a las Hero\u00ednas de la Guerra de la Independencia.- Invitados por la Asociaci\u00f3n Los Sitios de Zaragoza, nuestros Presidente y Vicepresidente, representaron\n                      en este acto a nuestra Asociaci\u00f3n.<\/p>\n                    <p>El acto al que asistieron diversas autoridades civiles y militares, se celebr\u00f3 en la Plaza del Portillo de Zaragoza, realizando una ofrenda floral en el Mausoleo de las Hero\u00ednas y un desfile final de la fuerza all\u00ed presente.<\/p>\n                    <p>En el transcurso de este acto, se hizo entrega por parte de la Alcaldesa de Zaragoza, del t\u00edtulo de Hero\u00edna de Zaragoza a la Coronel Ilma. Sra. D\u00aa Mar\u00eda Gracia Ca\u00f1adas Garcia-Baquero, primera mujer en ostentar el mando de un Regimiento\n                      y primera mujer en diplomarse en Estado Mayor&nbsp;del&nbsp;ej\u00e9rcito.<\/p>\n                  <\/div>\n                <\/div>\n              <\/div>\n            <\/div>\n          <\/div>\n          <div class=\"h-column h-column-container d-flex h-col-lg-auto h-col-md-auto h-col-auto style-727-outer style-local-469-c96-outer\">\n            <div data-colibri-id=\"469-c96\" class=\"d-flex h-flex-basis h-column__inner h-px-lg-1 h-px-md-1 h-px-1 v-inner-lg-1 v-inner-md-1 v-inner-1 style-727 style-local-469-c96 position-relative\">\n              <!---->\n              <!---->\n              <div class=\"w-100 h-y-container h-column__content h-column__v-align flex-basis-100 align-self-lg-start align-self-md-start align-self-start\">\n                <!---->\n                <div data-colibri-id=\"469-c97\" class=\"d-block style-729 style-local-469-c97 position-relative h-element\">\n                  <!---->\n                  <div class=\"h-image__frame-container-outer\">\n                    <div class=\"h-image__frame-container\">\n                      <!---->\n                      <!---->\n                      <img loading=\"lazy\" decoding=\"async\" width=\"1202\" height=\"1398\" src=\"https:\/\/aevbts.org\/wp-content\/uploads\/2025\/10\/cropped-Imagen-de-WhatsApp-2025-10-07-a-las-20.40.54_8205721c.jpg\" class=\"wp-image-1523 style-729-image style-local-469-c97-image\" alt=\"\" srcset=\"https:\/\/aevbts.org\/wp-content\/uploads\/2025\/10\/cropped-Imagen-de-WhatsApp-2025-10-07-a-las-20.40.54_8205721c.jpg 1202w, https:\/\/aevbts.org\/wp-content\/uploads\/2025\/10\/cropped-Imagen-de-WhatsApp-2025-10-07-a-las-20.40.54_8205721c-258x300.jpg 258w, https:\/\/aevbts.org\/wp-content\/uploads\/2025\/10\/cropped-Imagen-de-WhatsApp-2025-10-07-a-las-20.40.54_8205721c-880x1024.jpg 880w, https:\/\/aevbts.org\/wp-content\/uploads\/2025\/10\/cropped-Imagen-de-WhatsApp-2025-10-07-a-las-20.40.54_8205721c-768x893.jpg 768w\" sizes=\"auto, (max-width: 1202px) 100vw, 1202px\" \/>\n                      <div class=\"h-image__frame h-hide-lg h-hide-md h-hide-sm style-729-frameImage style-local-469-c97-frameImage\"><\/div>\n                    <\/div>\n                  <\/div>\n                <\/div>\n              <\/div>\n            <\/div>\n          <\/div>\n          <div class=\"h-column h-column-container d-flex h-col-lg-auto h-col-md-auto h-col-auto style-727-outer style-local-469-c100-outer\">\n            <div data-colibri-id=\"469-c100\" class=\"d-flex h-flex-basis h-column__inner h-px-lg-1 h-px-md-1 h-px-1 v-inner-lg-1 v-inner-md-1 v-inner-1 style-727 style-local-469-c100 position-relative\">\n              <!---->\n              <!---->\n              <div class=\"w-100 h-y-container h-column__content h-column__v-align flex-basis-100 align-self-lg-start align-self-md-start align-self-start\">\n                <!---->\n                <div data-colibri-id=\"469-c101\" class=\"d-block style-729 style-local-469-c101 position-relative h-element\">\n                  <!---->\n                  <div class=\"h-image__frame-container-outer\">\n                    <div class=\"h-image__frame-container\">\n                      <!---->\n                      <!---->\n                      <img loading=\"lazy\" decoding=\"async\" width=\"1393\" height=\"1170\" src=\"https:\/\/aevbts.org\/wp-content\/uploads\/2025\/10\/cropped-Imagen-de-WhatsApp-2025-10-07-a-las-20.40.54_729192e5.jpg\" class=\"wp-image-1524 style-729-image style-local-469-c101-image\" alt=\"\" srcset=\"https:\/\/aevbts.org\/wp-content\/uploads\/2025\/10\/cropped-Imagen-de-WhatsApp-2025-10-07-a-las-20.40.54_729192e5.jpg 1393w, https:\/\/aevbts.org\/wp-content\/uploads\/2025\/10\/cropped-Imagen-de-WhatsApp-2025-10-07-a-las-20.40.54_729192e5-300x252.jpg 300w, https:\/\/aevbts.org\/wp-content\/uploads\/2025\/10\/cropped-Imagen-de-WhatsApp-2025-10-07-a-las-20.40.54_729192e5-1024x860.jpg 1024w, https:\/\/aevbts.org\/wp-content\/uploads\/2025\/10\/cropped-Imagen-de-WhatsApp-2025-10-07-a-las-20.40.54_729192e5-768x645.jpg 768w\" sizes=\"auto, (max-width: 1393px) 100vw, 1393px\" \/>\n                      <div class=\"h-image__frame h-hide-lg h-hide-md h-hide-sm style-729-frameImage style-local-469-c101-frameImage\"><\/div>\n                    <\/div>\n                  <\/div>\n                <\/div>\n              <\/div>\n            <\/div>\n          <\/div>\n        <\/div>\n      <\/div>\n      <div data-colibri-id=\"469-c14\" class=\"h-row-container gutters-row-lg-0 gutters-row-md-0 gutters-row-0 gutters-row-v-lg-0 gutters-row-v-md-0 gutters-row-v-0 style-726 style-local-469-c14 position-relative\">\n        <!---->\n        <div class=\"h-row justify-content-lg-center justify-content-md-center justify-content-center align-items-lg-stretch align-items-md-stretch align-items-stretch gutters-col-lg-0 gutters-col-md-0 gutters-col-0 gutters-col-v-lg-0 gutters-col-v-md-0 gutters-col-v-0\">\n          <!---->\n          <div class=\"h-column h-column-container d-flex h-col-lg-auto h-col-md-auto h-col-auto style-728-outer style-local-469-c19-outer\">\n            <div data-colibri-id=\"469-c19\" class=\"d-flex h-flex-basis h-column__inner h-px-lg-1 h-px-md-1 h-px-1 v-inner-lg-1 v-inner-md-1 v-inner-1 style-728 style-local-469-c19 position-relative\">\n              <!---->\n              <!---->\n              <div class=\"w-100 h-y-container h-column__content h-column__v-align flex-basis-100 align-self-lg-start align-self-md-start align-self-start\">\n                <!---->\n                <div data-colibri-id=\"469-c20\" class=\"h-text h-text-component style-730 style-local-469-c20 position-relative h-element\">\n                  <!---->\n                  <!---->\n                  <div class=\"\">\n                    <p><em style=\"font-weight: 500;\">02 de Octubre de 2025<\/em>. Actos en Honor de la Patrona de la Guardia Civil en Zaragoza En el incomparable marco de la Plaza de Ntra. Sra. del Piar en Zaragoza, se celebr\u00f3 un acto castrense con motivo\n                      de la Festividad de la Patrona de la Guardia Civil, al que asistieron invitados en representaci\u00f3n de nuestra Asociaci\u00f3n, el presidente nacional D. Tom\u00e1s Vela y el vicepresidente D. Manuel Horna.<\/p>\n                    <p>Previamente al acto, se celebr\u00f3 una Eucarist\u00eda en el Altar Mayor de la Bas\u00edlica de Ntra. Sra. del Pilar y tras la misma y durante el acto, se impusieron diversas condecoraciones y distinciones, finalizando el acto con el Homenaje a\n                      los que dieron su vida por Espa\u00f1a y un desfile de la fuerza que all\u00ed estaba presente.<\/p>\n                    <p>Al finalizar el acto, nuestros compa\u00f1eros, tuvieron ocasi\u00f3n de dialogar con el General Jefe de Zona de la G.C. as\u00ed como con la Sra. Alcaldesa de Zaragoza, a la que le recordaron que estaba pendiente una reuni\u00f3n para tratar el tema\n                      del Monumento en Homenaje al Voluntario de Tropas de Socorro.<\/p>\n                    <p>M\u00e1s tarde, nos reunimos en un afamado restaurante de Zaragoza, para compartir una comida&nbsp;de&nbsp;Hermandad.<\/p>\n                  <\/div>\n                <\/div>\n              <\/div>\n            <\/div>\n          <\/div>\n          <div class=\"h-column h-column-container d-flex h-col-lg-auto h-col-md-auto h-col-auto style-727-outer style-local-469-c15-outer\">\n            <div data-colibri-id=\"469-c15\" class=\"d-flex h-flex-basis h-column__inner h-px-lg-1 h-px-md-1 h-px-1 v-inner-lg-1 v-inner-md-1 v-inner-1 style-727 style-local-469-c15 position-relative\">\n              <!---->\n              <!---->\n              <div class=\"w-100 h-y-container h-column__content h-column__v-align flex-basis-100 align-self-lg-start align-self-md-start align-self-start\">\n                <!---->\n                <div data-colibri-id=\"469-c16\" class=\"d-block style-729 style-local-469-c16 position-relative h-element\">\n                  <!---->\n                  <div class=\"h-image__frame-container-outer\">\n                    <div class=\"h-image__frame-container\">\n                      <!---->\n                      <!---->\n                      <img loading=\"lazy\" decoding=\"async\" width=\"1359\" height=\"1063\" src=\"https:\/\/aevbts.org\/wp-content\/uploads\/2025\/10\/cropped-cropped-Imagen-de-WhatsApp-2025-10-07-a-las-20.37.45_8b201ce6.jpg\" class=\"wp-image-1532 style-729-image style-local-469-c16-image\" alt=\"\" srcset=\"https:\/\/aevbts.org\/wp-content\/uploads\/2025\/10\/cropped-cropped-Imagen-de-WhatsApp-2025-10-07-a-las-20.37.45_8b201ce6.jpg 1359w, https:\/\/aevbts.org\/wp-content\/uploads\/2025\/10\/cropped-cropped-Imagen-de-WhatsApp-2025-10-07-a-las-20.37.45_8b201ce6-300x235.jpg 300w, https:\/\/aevbts.org\/wp-content\/uploads\/2025\/10\/cropped-cropped-Imagen-de-WhatsApp-2025-10-07-a-las-20.37.45_8b201ce6-1024x801.jpg 1024w, https:\/\/aevbts.org\/wp-content\/uploads\/2025\/10\/cropped-cropped-Imagen-de-WhatsApp-2025-10-07-a-las-20.37.45_8b201ce6-768x601.jpg 768w\" sizes=\"auto, (max-width: 1359px) 100vw, 1359px\" \/>\n                      <div class=\"h-image__frame h-hide-lg h-hide-md h-hide-sm style-729-frameImage style-local-469-c16-frameImage\"><\/div>\n                    <\/div>\n                  <\/div>\n                <\/div>\n              <\/div>\n            <\/div>\n          <\/div>\n          <div class=\"h-column h-column-container d-flex h-col-lg-auto h-col-md-auto h-col-auto style-727-outer style-local-469-c17-outer\">\n            <div data-colibri-id=\"469-c17\" class=\"d-flex h-flex-basis h-column__inner h-px-lg-1 h-px-md-1 h-px-1 v-inner-lg-1 v-inner-md-1 v-inner-1 style-727 style-local-469-c17 position-relative\">\n              <!---->\n              <!---->\n              <div class=\"w-100 h-y-container h-column__content h-column__v-align flex-basis-100 align-self-lg-start align-self-md-start align-self-start\">\n                <!---->\n                <div data-colibri-id=\"469-c18\" class=\"d-block style-729 style-local-469-c18 position-relative h-element\">\n                  <!---->\n                  <div class=\"h-image__frame-container-outer\">\n                    <div class=\"h-image__frame-container\">\n                      <!---->\n                      <!---->\n                      <img loading=\"lazy\" decoding=\"async\" width=\"1506\" height=\"1204\" src=\"https:\/\/aevbts.org\/wp-content\/uploads\/2025\/10\/cropped-cropped-Imagen-de-WhatsApp-2025-10-07-a-las-20.37.46_ad0a06aa.jpg\" class=\"wp-image-1533 style-729-image style-local-469-c18-image\" alt=\"\" srcset=\"https:\/\/aevbts.org\/wp-content\/uploads\/2025\/10\/cropped-cropped-Imagen-de-WhatsApp-2025-10-07-a-las-20.37.46_ad0a06aa.jpg 1506w, https:\/\/aevbts.org\/wp-content\/uploads\/2025\/10\/cropped-cropped-Imagen-de-WhatsApp-2025-10-07-a-las-20.37.46_ad0a06aa-300x240.jpg 300w, https:\/\/aevbts.org\/wp-content\/uploads\/2025\/10\/cropped-cropped-Imagen-de-WhatsApp-2025-10-07-a-las-20.37.46_ad0a06aa-1024x819.jpg 1024w, https:\/\/aevbts.org\/wp-content\/uploads\/2025\/10\/cropped-cropped-Imagen-de-WhatsApp-2025-10-07-a-las-20.37.46_ad0a06aa-768x614.jpg 768w\" sizes=\"auto, (max-width: 1506px) 100vw, 1506px\" \/>\n                      <div class=\"h-image__frame h-hide-lg h-hide-md h-hide-sm style-729-frameImage style-local-469-c18-frameImage\"><\/div>\n                    <\/div>\n                  <\/div>\n                <\/div>\n              <\/div>\n            <\/div>\n          <\/div>\n        <\/div>\n      <\/div>\n      <div data-colibri-id=\"469-c104\" class=\"h-row-container gutters-row-lg-0 gutters-row-md-0 gutters-row-0 gutters-row-v-lg-0 gutters-row-v-md-0 gutters-row-v-0 style-726 style-local-469-c104 position-relative\">\n        <!---->\n        <div class=\"h-row justify-content-lg-center justify-content-md-center justify-content-center align-items-lg-stretch align-items-md-stretch align-items-stretch gutters-col-lg-0 gutters-col-md-0 gutters-col-0 gutters-col-v-lg-0 gutters-col-v-md-0 gutters-col-v-0\">\n          <!---->\n          <div class=\"h-column h-column-container d-flex h-col-lg-auto h-col-md-auto h-col-auto style-728-outer style-local-469-c109-outer\">\n            <div data-colibri-id=\"469-c109\" class=\"d-flex h-flex-basis h-column__inner h-px-lg-1 h-px-md-1 h-px-1 v-inner-lg-1 v-inner-md-1 v-inner-1 style-728 style-local-469-c109 position-relative\">\n              <!---->\n              <!---->\n              <div class=\"w-100 h-y-container h-column__content h-column__v-align flex-basis-100 align-self-lg-start align-self-md-start align-self-start\">\n                <!---->\n                <div data-colibri-id=\"469-c110\" class=\"h-text h-text-component style-730 style-local-469-c110 position-relative h-element\">\n                  <!---->\n                  <!---->\n                  <div class=\"\">\n                    <p><em style=\"font-weight: 500;\">25 de Septiembre de 2025<\/em>.- Entrega de una Casulla a nuestro Consiliario En el Transcurso de un almuerzo celebrado en Zaragoza, se reunieron un grupo de miembros de la Asociaci\u00f3n, para hacer entrega\n                      a nuestro Consiliario de una Casulla, sufragada por suscripci\u00f3n popular entre los miembros de la Asociaci\u00f3n y en la que figura el emblema de nuestra Asociaci\u00f3n.<\/p>\n                    <p>Tambi\u00e9n se le entreg\u00f3 al Rvdo. D. Carlos Palomero, la credencial que le acredita como miembro de nuestra Asociaci\u00f3n, habiendo recibido todo ello con gran satisfacci\u00f3n y alegr\u00eda, pronunciando a continuaci\u00f3n unas palabras de agradecimiento\n                      por tan maravilloso regalo que estrenar\u00e1 el pr\u00f3ximo 7 de Diciembre Festividad de&nbsp;nuestra&nbsp;Patrona<\/p>\n                  <\/div>\n                <\/div>\n              <\/div>\n            <\/div>\n          <\/div>\n          <div class=\"h-column h-column-container d-flex h-col-lg-auto h-col-md-auto h-col-auto style-727-outer style-local-469-c105-outer\">\n            <div data-colibri-id=\"469-c105\" class=\"d-flex h-flex-basis h-column__inner h-px-lg-1 h-px-md-1 h-px-1 v-inner-lg-1 v-inner-md-1 v-inner-1 style-727 style-local-469-c105 position-relative\">\n              <!---->\n              <!---->\n              <div class=\"w-100 h-y-container h-column__content h-column__v-align flex-basis-100 align-self-lg-start align-self-md-start align-self-start\">\n                <!---->\n                <div data-colibri-id=\"469-c106\" class=\"d-block style-729 style-local-469-c106 position-relative h-element\">\n                  <!---->\n                  <div class=\"h-image__frame-container-outer\">\n                    <div class=\"h-image__frame-container\">\n                      <!---->\n                      <!---->\n                      <img loading=\"lazy\" decoding=\"async\" width=\"897\" height=\"900\" src=\"https:\/\/aevbts.org\/wp-content\/uploads\/2025\/10\/cropped-Imagen-de-WhatsApp-2025-10-07-a-las-20.35.17_0c67e7fb.jpg\" class=\"wp-image-1515 style-729-image style-local-469-c106-image\" alt=\"\" srcset=\"https:\/\/aevbts.org\/wp-content\/uploads\/2025\/10\/cropped-Imagen-de-WhatsApp-2025-10-07-a-las-20.35.17_0c67e7fb.jpg 897w, https:\/\/aevbts.org\/wp-content\/uploads\/2025\/10\/cropped-Imagen-de-WhatsApp-2025-10-07-a-las-20.35.17_0c67e7fb-300x300.jpg 300w, https:\/\/aevbts.org\/wp-content\/uploads\/2025\/10\/cropped-Imagen-de-WhatsApp-2025-10-07-a-las-20.35.17_0c67e7fb-150x150.jpg 150w, https:\/\/aevbts.org\/wp-content\/uploads\/2025\/10\/cropped-Imagen-de-WhatsApp-2025-10-07-a-las-20.35.17_0c67e7fb-768x771.jpg 768w\" sizes=\"auto, (max-width: 897px) 100vw, 897px\" \/>\n                      <div class=\"h-image__frame h-hide-lg h-hide-md h-hide-sm style-729-frameImage style-local-469-c106-frameImage\"><\/div>\n                    <\/div>\n                  <\/div>\n                <\/div>\n              <\/div>\n            <\/div>\n          <\/div>\n          <div class=\"h-column h-column-container d-flex h-col-lg-auto h-col-md-auto h-col-auto style-727-outer style-local-469-c107-outer\">\n            <div data-colibri-id=\"469-c107\" class=\"d-flex h-flex-basis h-column__inner h-px-lg-1 h-px-md-1 h-px-1 v-inner-lg-1 v-inner-md-1 v-inner-1 style-727 style-local-469-c107 position-relative\">\n              <!---->\n              <!---->\n              <div class=\"w-100 h-y-container h-column__content h-column__v-align flex-basis-100 align-self-lg-start align-self-md-start align-self-start\">\n                <!---->\n                <div data-colibri-id=\"469-c108\" class=\"d-block style-729 style-local-469-c108 position-relative h-element\">\n                  <!---->\n                  <div class=\"h-image__frame-container-outer\">\n                    <div class=\"h-image__frame-container\">\n                      <!---->\n                      <!---->\n                      <img loading=\"lazy\" decoding=\"async\" width=\"897\" height=\"900\" src=\"https:\/\/aevbts.org\/wp-content\/uploads\/2025\/10\/cropped-Imagen-de-WhatsApp-2025-10-07-a-las-20.35.17_dda01923.jpg\" class=\"wp-image-1516 style-729-image style-local-469-c108-image\" alt=\"\" srcset=\"https:\/\/aevbts.org\/wp-content\/uploads\/2025\/10\/cropped-Imagen-de-WhatsApp-2025-10-07-a-las-20.35.17_dda01923.jpg 897w, https:\/\/aevbts.org\/wp-content\/uploads\/2025\/10\/cropped-Imagen-de-WhatsApp-2025-10-07-a-las-20.35.17_dda01923-300x300.jpg 300w, https:\/\/aevbts.org\/wp-content\/uploads\/2025\/10\/cropped-Imagen-de-WhatsApp-2025-10-07-a-las-20.35.17_dda01923-150x150.jpg 150w, https:\/\/aevbts.org\/wp-content\/uploads\/2025\/10\/cropped-Imagen-de-WhatsApp-2025-10-07-a-las-20.35.17_dda01923-768x771.jpg 768w\" sizes=\"auto, (max-width: 897px) 100vw, 897px\" \/>\n                      <div class=\"h-image__frame h-hide-lg h-hide-md h-hide-sm style-729-frameImage style-local-469-c108-frameImage\"><\/div>\n                    <\/div>\n                  <\/div>\n                <\/div>\n              <\/div>\n            <\/div>\n          <\/div>\n        <\/div>\n      <\/div>\n      <div data-colibri-id=\"469-c21\" class=\"h-row-container gutters-row-lg-0 gutters-row-md-0 gutters-row-0 gutters-row-v-lg-0 gutters-row-v-md-0 gutters-row-v-0 style-726 style-local-469-c21 position-relative\">\n        <!---->\n        <div class=\"h-row justify-content-lg-center justify-content-md-center justify-content-center align-items-lg-stretch align-items-md-stretch align-items-stretch gutters-col-lg-0 gutters-col-md-0 gutters-col-0 gutters-col-v-lg-0 gutters-col-v-md-0 gutters-col-v-0\">\n          <!---->\n          <div class=\"h-column h-column-container d-flex h-col-lg-auto h-col-md-auto h-col-auto style-727-outer style-local-469-c22-outer\">\n            <div data-colibri-id=\"469-c22\" class=\"d-flex h-flex-basis h-column__inner h-px-lg-1 h-px-md-1 h-px-1 v-inner-lg-1 v-inner-md-1 v-inner-1 style-727 style-local-469-c22 position-relative\">\n              <!---->\n              <!---->\n              <div class=\"w-100 h-y-container h-column__content h-column__v-align flex-basis-100 align-self-lg-start align-self-md-start align-self-start\">\n                <!---->\n                <div data-colibri-id=\"469-c23\" class=\"d-block style-729 style-local-469-c23 position-relative h-element\">\n                  <!---->\n                  <div class=\"h-image__frame-container-outer\">\n                    <div class=\"h-image__frame-container\">\n                      <!---->\n                      <!---->\n                      <img loading=\"lazy\" decoding=\"async\" width=\"543\" height=\"676\" src=\"https:\/\/aevbts.org\/wp-content\/uploads\/2025\/10\/cropped-Imagen-de-WhatsApp-2025-10-07-a-las-20.32.54_d35cf0cf.jpg\" class=\"wp-image-1512 style-729-image style-local-469-c23-image\" alt=\"\" srcset=\"https:\/\/aevbts.org\/wp-content\/uploads\/2025\/10\/cropped-Imagen-de-WhatsApp-2025-10-07-a-las-20.32.54_d35cf0cf.jpg 543w, https:\/\/aevbts.org\/wp-content\/uploads\/2025\/10\/cropped-Imagen-de-WhatsApp-2025-10-07-a-las-20.32.54_d35cf0cf-241x300.jpg 241w\" sizes=\"auto, (max-width: 543px) 100vw, 543px\" \/>\n                      <div class=\"h-image__frame h-hide-lg h-hide-md h-hide-sm style-729-frameImage style-local-469-c23-frameImage\"><\/div>\n                    <\/div>\n                  <\/div>\n                <\/div>\n              <\/div>\n            <\/div>\n          <\/div>\n          <div class=\"h-column h-column-container d-flex h-col-lg-auto h-col-md-auto h-col-auto style-728-outer style-local-469-c24-outer\">\n            <div data-colibri-id=\"469-c24\" class=\"d-flex h-flex-basis h-column__inner h-px-lg-1 h-px-md-1 h-px-1 v-inner-lg-1 v-inner-md-1 v-inner-1 style-728 style-local-469-c24 position-relative\">\n              <!---->\n              <!---->\n              <div class=\"w-100 h-y-container h-column__content h-column__v-align flex-basis-100 align-self-lg-start align-self-md-start align-self-start\">\n                <!---->\n                <div data-colibri-id=\"469-c25\" class=\"h-text h-text-component style-730 style-local-469-c25 position-relative h-element\">\n                  <!---->\n                  <!---->\n                  <div class=\"\">\n                    <p><em style=\"font-weight: 500;\">Reunion con el Jefe del Mando A\u00e9reo en Canarias<\/em><\/p>\n                    <p>Continuando con la labor de divulgaci\u00f3n de nuestra Asociaci\u00f3n, nuestro Delegado de Zona en Canarias, realiz\u00f3 una visita al General de Divisi\u00f3n y Jefe del Mando A\u00e9reo en Canarias, Excmo. Sr. D. Francisco Javier Vidal Fern\u00e1ndez, con\n                      el fin de darle a conocer nuestra Asociaci\u00f3n y fortalecer la colaboraci\u00f3n entre la Asociaci\u00f3n y las Fuerzas Armadas.<\/p>\n                    <p>El General, ha recibido a nuestro Delegado con inter\u00e9s de conocer nuestro origen, as\u00ed como de nuestro trabajo, subrayado la necesidad y la importancia de la existencia de las asociaciones de veteranos y de la divulgaci\u00f3n que \u00e9stas\n                      ofrecen a la ciudadan\u00eda.<\/p>\n                    <p>Alab\u00f3, tambi\u00e9n el trabajo realizado por nuestras unidades en el pasado y el realizado por nuestra Asociaci\u00f3n en el presente y puntualizo en diversas ocasiones la disposici\u00f3n a prestar la ayuda que nos pueda dar en cada proyecto que\n                      realicemos, gesto que se le agradeci\u00f3 enormemente. Se le hizo entrega del dosier de la Asociaci\u00f3n, as\u00ed como un ejemplar de nuestra publicaci\u00f3n semestral, junto con un ejemplar de nuestro libro y una estatuilla de nuestro proyecto\n                      de monumento, recibiendo todo ello con mucho agrado, emplaz\u00e1ndonos a realizar en el futuro distintos actos, eventos y proyectos&nbsp;de&nbsp;cooperaci\u00f3n.<\/p>\n                  <\/div>\n                <\/div>\n              <\/div>\n            <\/div>\n          <\/div>\n        <\/div>\n      <\/div>\n      <div data-colibri-id=\"469-c26\" class=\"h-row-container gutters-row-lg-0 gutters-row-md-0 gutters-row-0 gutters-row-v-lg-0 gutters-row-v-md-0 gutters-row-v-0 style-726 style-local-469-c26 position-relative\">\n        <!---->\n        <div class=\"h-row justify-content-lg-center justify-content-md-center justify-content-center align-items-lg-stretch align-items-md-stretch align-items-stretch gutters-col-lg-0 gutters-col-md-0 gutters-col-0 gutters-col-v-lg-0 gutters-col-v-md-0 gutters-col-v-0\">\n          <!---->\n          <div class=\"h-column h-column-container d-flex h-col-lg-auto h-col-md-auto h-col-auto style-727-outer style-local-469-c27-outer\">\n            <div data-colibri-id=\"469-c27\" class=\"d-flex h-flex-basis h-column__inner h-px-lg-1 h-px-md-1 h-px-1 v-inner-lg-1 v-inner-md-1 v-inner-1 style-727 style-local-469-c27 position-relative\">\n              <!---->\n              <!---->\n              <div class=\"w-100 h-y-container h-column__content h-column__v-align flex-basis-100 align-self-lg-start align-self-md-start align-self-start\">\n                <!---->\n                <div data-colibri-id=\"469-c28\" class=\"d-block style-729 style-local-469-c28 position-relative h-element\">\n                  <!---->\n                  <div class=\"h-image__frame-container-outer\">\n                    <div class=\"h-image__frame-container\">\n                      <!---->\n                      <!---->\n                      <img loading=\"lazy\" decoding=\"async\" width=\"1102\" height=\"720\" src=\"https:\/\/aevbts.org\/wp-content\/uploads\/2025\/10\/cropped-Imagen-de-WhatsApp-2025-10-07-a-las-20.29.43_79181160.jpg\" class=\"wp-image-1509 style-729-image style-local-469-c28-image\" alt=\"\" srcset=\"https:\/\/aevbts.org\/wp-content\/uploads\/2025\/10\/cropped-Imagen-de-WhatsApp-2025-10-07-a-las-20.29.43_79181160.jpg 1102w, https:\/\/aevbts.org\/wp-content\/uploads\/2025\/10\/cropped-Imagen-de-WhatsApp-2025-10-07-a-las-20.29.43_79181160-300x196.jpg 300w, https:\/\/aevbts.org\/wp-content\/uploads\/2025\/10\/cropped-Imagen-de-WhatsApp-2025-10-07-a-las-20.29.43_79181160-1024x669.jpg 1024w, https:\/\/aevbts.org\/wp-content\/uploads\/2025\/10\/cropped-Imagen-de-WhatsApp-2025-10-07-a-las-20.29.43_79181160-768x502.jpg 768w\" sizes=\"auto, (max-width: 1102px) 100vw, 1102px\" \/>\n                      <div class=\"h-image__frame h-hide-lg h-hide-md h-hide-sm style-729-frameImage style-local-469-c28-frameImage\"><\/div>\n                    <\/div>\n                  <\/div>\n                <\/div>\n              <\/div>\n            <\/div>\n          <\/div>\n          <div class=\"h-column h-column-container d-flex h-col-lg-auto h-col-md-auto h-col-auto style-727-outer style-local-469-c29-outer\">\n            <div data-colibri-id=\"469-c29\" class=\"d-flex h-flex-basis h-column__inner h-px-lg-1 h-px-md-1 h-px-1 v-inner-lg-1 v-inner-md-1 v-inner-1 style-727 style-local-469-c29 position-relative\">\n              <!---->\n              <!---->\n              <div class=\"w-100 h-y-container h-column__content h-column__v-align flex-basis-100 align-self-lg-start align-self-md-start align-self-start\">\n                <!---->\n                <div data-colibri-id=\"469-c30\" class=\"d-block style-729 style-local-469-c30 position-relative h-element\">\n                  <!---->\n                  <div class=\"h-image__frame-container-outer\">\n                    <div class=\"h-image__frame-container\">\n                      <!---->\n                      <!---->\n                      <img loading=\"lazy\" decoding=\"async\" width=\"1271\" height=\"900\" src=\"https:\/\/aevbts.org\/wp-content\/uploads\/2025\/10\/cropped-Imagen-de-WhatsApp-2025-10-07-a-las-20.29.43_481969fb.jpg\" class=\"wp-image-1510 style-729-image style-local-469-c30-image\" alt=\"\" srcset=\"https:\/\/aevbts.org\/wp-content\/uploads\/2025\/10\/cropped-Imagen-de-WhatsApp-2025-10-07-a-las-20.29.43_481969fb.jpg 1271w, https:\/\/aevbts.org\/wp-content\/uploads\/2025\/10\/cropped-Imagen-de-WhatsApp-2025-10-07-a-las-20.29.43_481969fb-300x212.jpg 300w, https:\/\/aevbts.org\/wp-content\/uploads\/2025\/10\/cropped-Imagen-de-WhatsApp-2025-10-07-a-las-20.29.43_481969fb-1024x725.jpg 1024w, https:\/\/aevbts.org\/wp-content\/uploads\/2025\/10\/cropped-Imagen-de-WhatsApp-2025-10-07-a-las-20.29.43_481969fb-768x544.jpg 768w\" sizes=\"auto, (max-width: 1271px) 100vw, 1271px\" \/>\n                      <div class=\"h-image__frame h-hide-lg h-hide-md h-hide-sm style-729-frameImage style-local-469-c30-frameImage\"><\/div>\n                    <\/div>\n                  <\/div>\n                <\/div>\n              <\/div>\n            <\/div>\n          <\/div>\n          <div class=\"h-column h-column-container d-flex h-col-lg-auto h-col-md-auto h-col-auto style-728-outer style-local-469-c31-outer\">\n            <div data-colibri-id=\"469-c31\" class=\"d-flex h-flex-basis h-column__inner h-px-lg-1 h-px-md-1 h-px-1 v-inner-lg-1 v-inner-md-1 v-inner-1 style-728 style-local-469-c31 position-relative\">\n              <!---->\n              <!---->\n              <div class=\"w-100 h-y-container h-column__content h-column__v-align flex-basis-100 align-self-lg-start align-self-md-start align-self-start\">\n                <!---->\n                <div data-colibri-id=\"469-c32\" class=\"h-text h-text-component style-730 style-local-469-c32 position-relative h-element\">\n                  <!---->\n                  <!---->\n                  <div class=\"\">\n                    <p><em style=\"font-weight: 500;\">Encuentro Nacional de nuestra Asociaci\u00f3n en \u00c1vila<\/em><\/p>\n                    <p>El III Encuentro Nacional de la Asociaci\u00f3n Espa\u00f1ola de Veteranos de las Brigadas de Tropas de Socorro se celebr\u00f3 en \u00c1vila durante los d\u00edas 5,6 y 7 de Septiembre de este a\u00f1o 2025.<\/p>\n                    <p>En el programa de este Encuentro, adem\u00e1s de diversas actividades l\u00fadicas, tur\u00edsticas y culturales, hab\u00eda programada una recepci\u00f3n en la Sede Provincial de Cruz Roja Espa\u00f1ola, donde fuimos recibidos por la Presidenta Provincial D\u00aa Mercedes\n                      Mart\u00ednez, acompa\u00f1ada de la Coordinadora Provincial D\u00aa Sara Gonz\u00e1lez y el Director Nacional de Voluntariado D. Ferran Cobertera.<\/p>\n                    <p>Posteriormente, tuvimos una recepci\u00f3n en el Ayuntamiento de la ciudad de \u00c1vila, donde fuimos recibidos por su Alcalde, Don Jes\u00fas Manuel S\u00e1nchez Cabrera.<\/p>\n                    <p>En ambas recepciones, les pusimos al d\u00eda sobre nuestra Asociaci\u00f3n y los fines de la misma, as\u00ed como del trabajo que en su d\u00eda realizaron los miembros de las Brigadas de Tropas de Socorro.<\/p>\n                    <p>Por nuestra parte les obsequiamos con un cuadro de la Virgen del Pilar con nuestro manto y un ejemplar del libro Oroquieta el principio, Vivencias de camillero. Por parte de ellos se nos hizo entrega de un libro de la Provincia de\n                      \u00c1vila y una moneda conmemorativa&nbsp;de&nbsp;la&nbsp;ciudad.<\/p>\n                  <\/div>\n                <\/div>\n              <\/div>\n            <\/div>\n          <\/div>\n        <\/div>\n      <\/div>\n      <div data-colibri-id=\"469-c33\" class=\"h-row-container gutters-row-lg-0 gutters-row-md-0 gutters-row-0 gutters-row-v-lg-0 gutters-row-v-md-0 gutters-row-v-0 style-726 style-local-469-c33 position-relative\">\n        <!---->\n        <div class=\"h-row justify-content-lg-center justify-content-md-center justify-content-center align-items-lg-stretch align-items-md-stretch align-items-stretch gutters-col-lg-0 gutters-col-md-0 gutters-col-0 gutters-col-v-lg-0 gutters-col-v-md-0 gutters-col-v-0\">\n          <!---->\n          <div class=\"h-column h-column-container d-flex h-col-lg-auto h-col-md-auto h-col-auto style-727-outer style-local-469-c34-outer\">\n            <div data-colibri-id=\"469-c34\" class=\"d-flex h-flex-basis h-column__inner h-px-lg-1 h-px-md-1 h-px-1 v-inner-lg-1 v-inner-md-1 v-inner-1 style-727 style-local-469-c34 position-relative\">\n              <!---->\n              <!---->\n              <div class=\"w-100 h-y-container h-column__content h-column__v-align flex-basis-100 align-self-lg-start align-self-md-start align-self-start\">\n                <!---->\n                <div data-colibri-id=\"469-c35\" class=\"d-block style-729 style-local-469-c35 position-relative h-element\">\n                  <!---->\n                  <div class=\"h-image__frame-container-outer\">\n                    <div class=\"h-image__frame-container\">\n                      <!---->\n                      <!---->\n                      <img loading=\"lazy\" decoding=\"async\" width=\"1193\" height=\"900\" src=\"https:\/\/aevbts.org\/wp-content\/uploads\/2025\/10\/cropped-Imagen-de-WhatsApp-2025-10-07-a-las-20.16.03_d09141b9.jpg\" class=\"wp-image-1505 style-729-image style-local-469-c35-image\" alt=\"\" srcset=\"https:\/\/aevbts.org\/wp-content\/uploads\/2025\/10\/cropped-Imagen-de-WhatsApp-2025-10-07-a-las-20.16.03_d09141b9.jpg 1193w, https:\/\/aevbts.org\/wp-content\/uploads\/2025\/10\/cropped-Imagen-de-WhatsApp-2025-10-07-a-las-20.16.03_d09141b9-300x226.jpg 300w, https:\/\/aevbts.org\/wp-content\/uploads\/2025\/10\/cropped-Imagen-de-WhatsApp-2025-10-07-a-las-20.16.03_d09141b9-1024x773.jpg 1024w, https:\/\/aevbts.org\/wp-content\/uploads\/2025\/10\/cropped-Imagen-de-WhatsApp-2025-10-07-a-las-20.16.03_d09141b9-768x579.jpg 768w\" sizes=\"auto, (max-width: 1193px) 100vw, 1193px\" \/>\n                      <div class=\"h-image__frame h-hide-lg h-hide-md h-hide-sm style-729-frameImage style-local-469-c35-frameImage\"><\/div>\n                    <\/div>\n                  <\/div>\n                <\/div>\n              <\/div>\n            <\/div>\n          <\/div>\n          <div class=\"h-column h-column-container d-flex h-col-lg-auto h-col-md-auto h-col-auto style-727-outer style-local-469-c36-outer\">\n            <div data-colibri-id=\"469-c36\" class=\"d-flex h-flex-basis h-column__inner h-px-lg-1 h-px-md-1 h-px-1 v-inner-lg-1 v-inner-md-1 v-inner-1 style-727 style-local-469-c36 position-relative\">\n              <!---->\n              <!---->\n              <div class=\"w-100 h-y-container h-column__content h-column__v-align flex-basis-100 align-self-lg-start align-self-md-start align-self-start\">\n                <!---->\n                <div data-colibri-id=\"469-c37\" class=\"d-block style-729 style-local-469-c37 position-relative h-element\">\n                  <!---->\n                  <div class=\"h-image__frame-container-outer\">\n                    <div class=\"h-image__frame-container\">\n                      <!---->\n                      <!---->\n                      <img loading=\"lazy\" decoding=\"async\" width=\"1239\" height=\"900\" src=\"https:\/\/aevbts.org\/wp-content\/uploads\/2025\/10\/cropped-Imagen-de-WhatsApp-2025-10-07-a-las-20.16.02_b0ac1732.jpg\" class=\"wp-image-1506 style-729-image style-local-469-c37-image\" alt=\"\" srcset=\"https:\/\/aevbts.org\/wp-content\/uploads\/2025\/10\/cropped-Imagen-de-WhatsApp-2025-10-07-a-las-20.16.02_b0ac1732.jpg 1239w, https:\/\/aevbts.org\/wp-content\/uploads\/2025\/10\/cropped-Imagen-de-WhatsApp-2025-10-07-a-las-20.16.02_b0ac1732-300x218.jpg 300w, https:\/\/aevbts.org\/wp-content\/uploads\/2025\/10\/cropped-Imagen-de-WhatsApp-2025-10-07-a-las-20.16.02_b0ac1732-1024x744.jpg 1024w, https:\/\/aevbts.org\/wp-content\/uploads\/2025\/10\/cropped-Imagen-de-WhatsApp-2025-10-07-a-las-20.16.02_b0ac1732-768x558.jpg 768w\" sizes=\"auto, (max-width: 1239px) 100vw, 1239px\" \/>\n                      <div class=\"h-image__frame h-hide-lg h-hide-md h-hide-sm style-729-frameImage style-local-469-c37-frameImage\"><\/div>\n                    <\/div>\n                  <\/div>\n                <\/div>\n              <\/div>\n            <\/div>\n          <\/div>\n          <div class=\"h-column h-column-container d-flex h-col-lg-auto h-col-md-auto h-col-auto style-728-outer style-local-469-c38-outer\">\n            <div data-colibri-id=\"469-c38\" class=\"d-flex h-flex-basis h-column__inner h-px-lg-1 h-px-md-1 h-px-1 v-inner-lg-1 v-inner-md-1 v-inner-1 style-728 style-local-469-c38 position-relative\">\n              <!---->\n              <!---->\n              <div class=\"w-100 h-y-container h-column__content h-column__v-align flex-basis-100 align-self-lg-start align-self-md-start align-self-start\">\n                <!---->\n                <div data-colibri-id=\"469-c39\" class=\"h-text h-text-component style-730 style-local-469-c39 position-relative h-element\">\n                  <!---->\n                  <!---->\n                  <div class=\"\">\n                    <p><em style=\"font-weight: 500;\">28 de Junio de 2025<\/em><span style=\"font-weight: 300;\">.-<\/span> una representaci\u00f3n de nuestra Asociaci\u00f3n, estuvo presente en el VI Encuentro Nacional de la Hermandad de Cabos 1\u00ba de Espa\u00f1a celebrado en\n                      la ciudad de Plasencia&nbsp;(C\u00e1ceres).<\/p>\n                  <\/div>\n                <\/div>\n              <\/div>\n            <\/div>\n          <\/div>\n        <\/div>\n      <\/div>\n      <div data-colibri-id=\"469-c40\" class=\"h-row-container gutters-row-lg-0 gutters-row-md-0 gutters-row-0 gutters-row-v-lg-0 gutters-row-v-md-0 gutters-row-v-0 style-726 style-local-469-c40 position-relative\">\n        <!---->\n        <div class=\"h-row justify-content-lg-center justify-content-md-center justify-content-center align-items-lg-stretch align-items-md-stretch align-items-stretch gutters-col-lg-0 gutters-col-md-0 gutters-col-0 gutters-col-v-lg-0 gutters-col-v-md-0 gutters-col-v-0\">\n          <!---->\n          <div class=\"h-column h-column-container d-flex h-col-lg-auto h-col-md-auto h-col-auto style-727-outer style-local-469-c41-outer\">\n            <div data-colibri-id=\"469-c41\" class=\"d-flex h-flex-basis h-column__inner h-px-lg-1 h-px-md-1 h-px-1 v-inner-lg-1 v-inner-md-1 v-inner-1 style-727 style-local-469-c41 position-relative\">\n              <!---->\n              <!---->\n              <div class=\"w-100 h-y-container h-column__content h-column__v-align flex-basis-100 align-self-lg-start align-self-md-start align-self-start\">\n                <!---->\n                <div data-colibri-id=\"469-c42\" class=\"d-block style-729 style-local-469-c42 position-relative h-element\">\n                  <!---->\n                  <div class=\"h-image__frame-container-outer\">\n                    <div class=\"h-image__frame-container\">\n                      <!---->\n                      <!---->\n                      <img loading=\"lazy\" decoding=\"async\" width=\"320\" height=\"385\" src=\"https:\/\/aevbts.org\/wp-content\/uploads\/2025\/06\/Carlos-Palomero.jpg\" class=\"wp-image-1455 style-729-image style-local-469-c42-image\" alt=\"\" srcset=\"https:\/\/aevbts.org\/wp-content\/uploads\/2025\/06\/Carlos-Palomero.jpg 320w, https:\/\/aevbts.org\/wp-content\/uploads\/2025\/06\/Carlos-Palomero-249x300.jpg 249w\" sizes=\"auto, (max-width: 320px) 100vw, 320px\" \/>\n                      <div class=\"h-image__frame h-hide-lg h-hide-md h-hide-sm style-729-frameImage style-local-469-c42-frameImage\"><\/div>\n                    <\/div>\n                  <\/div>\n                <\/div>\n              <\/div>\n            <\/div>\n          <\/div>\n          <div class=\"h-column h-column-container d-flex h-col-lg-auto h-col-md-auto h-col-auto style-728-outer style-local-469-c43-outer\">\n            <div data-colibri-id=\"469-c43\" class=\"d-flex h-flex-basis h-column__inner h-px-lg-1 h-px-md-1 h-px-1 v-inner-lg-1 v-inner-md-1 v-inner-1 style-728 style-local-469-c43 position-relative\">\n              <!---->\n              <!---->\n              <div class=\"w-100 h-y-container h-column__content h-column__v-align flex-basis-100 align-self-lg-start align-self-md-start align-self-start\">\n                <!---->\n                <div data-colibri-id=\"469-c44\" class=\"h-text h-text-component style-730 style-local-469-c44 position-relative h-element\">\n                  <!---->\n                  <!---->\n                  <div class=\"\">\n                    <p><em style=\"font-weight: 500;\">26 de Junio de 2025<\/em><span style=\"font-weight: 300;\">.-<\/span> Nos ha llegado comunicaci\u00f3n del Arzobispado de Zaragoza, confirmando la aprobaci\u00f3n de nuestra petici\u00f3n , del nombramiento como Consiliario\n                      de nuestra Asociaci\u00f3n con fecha efectiva 11 de marzo de 2025, a nuestro apreciado <span style=\"font-weight: 500;\">Rvdo. D. Carlos Palomero Nogueras<\/span>.<\/p>\n                    <p>El Rvdo. D Carlos Palomero Nogueras, ostenta, entre otros, los siguientes cargos:<\/p>\n                  <\/div>\n                <\/div>\n                <div data-colibri-id=\"469-c45\" class=\"h-text h-text-component style-732 style-local-469-c45 position-relative h-element\">\n                  <!---->\n                  <!---->\n                  <div class=\"\">\n                    <ul>\n                      <li><span style=\"font-weight: 300; font-size: 16px; font-family: Montserrat; color: rgb(37, 41, 42);\">Can\u00f3nigo del Cabildo Metropolitano de Zaragoza.<\/span><\/li>\n                      <li><span style=\"font-weight: 300; font-size: 16px; font-family: Montserrat; color: rgb(37, 41, 42);\">Presidente del Real Seminario Sacerdotal de San Carlos.<\/span><\/li>\n                      <li><span style=\"font-weight: 300; font-size: 16px; font-family: Montserrat; color: rgb(37, 41, 42);\">Director de la Casa Sacerdotal San Carlos.<\/span><\/li>\n                      <li><span style=\"font-weight: 300; font-size: 16px; font-family: Montserrat; color: rgb(37, 41, 42);\">Consiliario de la Junta Coordinadora de Cofrad\u00edas de Zaragoza.<\/span><\/li>\n                      <li><span style=\"font-weight: 300; font-size: 16px; font-family: Montserrat; color: rgb(37, 41, 42);\">Consiliario de la Cofrad\u00eda del Sant\u00edsimo Ecce Homo y de Ntra. Sra. de las Angustias, de Zaragoza.<\/span><\/li>\n                      <li><span style=\"color: rgb(37, 41, 42); font-family: Montserrat; font-size: 16px; font-weight: 300;\">Consiliario de la Asociaci\u00f3n Espa\u00f1ola de Veteranos de las Brigadas de Tropas&nbsp;de&nbsp;Socorro.<\/span><\/li>\n                    <\/ul>\n                    <p>\n                      <br>\n                    <\/p>\n                  <\/div>\n                <\/div>\n              <\/div>\n            <\/div>\n          <\/div>\n        <\/div>\n      <\/div>\n      <div data-colibri-id=\"469-c46\" class=\"h-row-container gutters-row-lg-2 gutters-row-md-2 gutters-row-0 gutters-row-v-lg-2 gutters-row-v-md-2 gutters-row-v-2 style-714 style-local-469-c46 position-relative\">\n        <!---->\n        <div class=\"h-row justify-content-lg-center justify-content-md-center justify-content-center align-items-lg-stretch align-items-md-stretch align-items-stretch gutters-col-lg-2 gutters-col-md-2 gutters-col-0 gutters-col-v-lg-2 gutters-col-v-md-2 gutters-col-v-2\">\n          <!---->\n          <div class=\"h-column h-column-container d-flex h-col-lg-auto h-col-md-auto h-col-auto style-715-outer style-local-469-c47-outer\">\n            <div data-colibri-id=\"469-c47\" class=\"d-flex h-flex-basis h-column__inner h-px-lg-2 h-px-md-2 h-px-2 v-inner-lg-2 v-inner-md-2 v-inner-2 style-715 style-local-469-c47 position-relative\">\n              <!---->\n              <!---->\n              <div class=\"w-100 h-y-container h-column__content h-column__v-align flex-basis-100 align-self-lg-start align-self-md-start align-self-start\">\n                <!---->\n                <div data-colibri-id=\"469-c48\" class=\"h-text h-text-component style-717 style-local-469-c48 position-relative h-element\">\n                  <!---->\n                  <!---->\n                  <div class=\"\">\n                    <p><em style=\"font-weight: 500;\">22 de Junio de 2025<\/em>.- Se ha celebrado en Chiva (Valencia) un acto de homenaje a los grupos de voluntarios que intervinieron en la poblaci\u00f3n para recuperar la normalidad, despu\u00e9s de la Dana sufrida\n                      a finales de Octubre pasado, acto al que hab\u00edamos sido invitados por la <em style=\"font-weight: 400;\">Associaci\u00f3 Unitat Protecci\u00f3 Civil Territori Valenci\u00e0<\/em> y tambi\u00e9n a trav\u00e9s de nuestros grandes amigos de RAGCE. Al acto ha asistido,\n                      comisionado por el Presidente de nuestra Asociaci\u00f3n el Delegado de Zona en Valencia,&nbsp;Sr.&nbsp;Jos\u00e9&nbsp;Maya.<\/p>\n                  <\/div>\n                <\/div>\n              <\/div>\n            <\/div>\n          <\/div>\n          <div class=\"h-column h-column-container d-flex h-col-lg-auto h-col-md-auto h-col-auto style-716-outer style-local-469-c49-outer\">\n            <div data-colibri-id=\"469-c49\" class=\"d-flex h-flex-basis h-column__inner h-px-lg-2 h-px-md-2 h-px-2 v-inner-lg-2 v-inner-md-2 v-inner-2 style-716 style-local-469-c49 position-relative\">\n              <!---->\n              <!---->\n              <div class=\"w-100 h-y-container h-column__content h-column__v-align flex-basis-100 align-self-lg-start align-self-md-start align-self-start\">\n                <!---->\n                <div data-colibri-id=\"469-c50\" class=\"d-block style-718 style-local-469-c50 position-relative h-element\">\n                  <!---->\n                  <div class=\"h-image__frame-container-outer\">\n                    <div class=\"h-image__frame-container\">\n                      <!---->\n                      <!---->\n                      <img loading=\"lazy\" decoding=\"async\" width=\"719\" height=\"722\" src=\"https:\/\/aevbts.org\/wp-content\/uploads\/2025\/06\/cropped-Imagen-de-WhatsApp-2025-06-22-a-las-14.27.28_ee1dba22.jpg\" class=\"wp-image-1426 style-718-image style-local-469-c50-image\" alt=\"\" srcset=\"https:\/\/aevbts.org\/wp-content\/uploads\/2025\/06\/cropped-Imagen-de-WhatsApp-2025-06-22-a-las-14.27.28_ee1dba22.jpg 719w, https:\/\/aevbts.org\/wp-content\/uploads\/2025\/06\/cropped-Imagen-de-WhatsApp-2025-06-22-a-las-14.27.28_ee1dba22-300x300.jpg 300w, https:\/\/aevbts.org\/wp-content\/uploads\/2025\/06\/cropped-Imagen-de-WhatsApp-2025-06-22-a-las-14.27.28_ee1dba22-150x150.jpg 150w\" sizes=\"auto, (max-width: 719px) 100vw, 719px\" \/>\n                      <div class=\"h-image__frame h-hide-lg h-hide-md h-hide-sm style-718-frameImage style-local-469-c50-frameImage\"><\/div>\n                    <\/div>\n                  <\/div>\n                <\/div>\n              <\/div>\n            <\/div>\n          <\/div>\n        <\/div>\n      <\/div>\n      <div data-colibri-id=\"469-c51\" class=\"h-row-container gutters-row-lg-0 gutters-row-md-0 gutters-row-0 gutters-row-v-lg-0 gutters-row-v-md-0 gutters-row-v-0 style-657 style-local-469-c51 position-relative\">\n        <!---->\n        <div class=\"h-row justify-content-lg-center justify-content-md-center justify-content-center align-items-lg-start align-items-md-start align-items-start gutters-col-lg-0 gutters-col-md-0 gutters-col-0 gutters-col-v-lg-0 gutters-col-v-md-0 gutters-col-v-0\">\n          <!---->\n          <div class=\"h-column h-column-container d-flex h-col-lg-auto h-col-md-auto h-col-auto align-self-lg-start align-self-md-start align-self-start style-661-outer style-local-469-c52-outer\">\n            <div data-colibri-id=\"469-c52\" class=\"d-flex h-flex-basis h-column__inner h-px-lg-2 h-px-md-2 h-px-2 v-inner-lg-2 v-inner-md-2 v-inner-2 style-661 style-local-469-c52 position-relative\">\n              <!---->\n              <!---->\n              <div class=\"w-100 h-y-container h-column__content h-column__v-align flex-basis-100 align-self-lg-start align-self-md-start align-self-start\">\n                <!---->\n                <div data-colibri-id=\"469-c53\" class=\"d-block style-662 style-local-469-c53 position-relative h-element\">\n                  <!---->\n                  <div class=\"h-image__frame-container-outer\">\n                    <div class=\"h-image__frame-container\">\n                      <!---->\n                      <!---->\n                      <img loading=\"lazy\" decoding=\"async\" width=\"1440\" height=\"1152\" src=\"https:\/\/aevbts.org\/wp-content\/uploads\/2025\/06\/cropped-Imagen-de-WhatsApp-2025-06-20-a-las-14.15.49_b28830fe.jpg\" class=\"wp-image-1323 style-662-image style-local-469-c53-image\" alt=\"\" srcset=\"https:\/\/aevbts.org\/wp-content\/uploads\/2025\/06\/cropped-Imagen-de-WhatsApp-2025-06-20-a-las-14.15.49_b28830fe.jpg 1440w, https:\/\/aevbts.org\/wp-content\/uploads\/2025\/06\/cropped-Imagen-de-WhatsApp-2025-06-20-a-las-14.15.49_b28830fe-300x240.jpg 300w, https:\/\/aevbts.org\/wp-content\/uploads\/2025\/06\/cropped-Imagen-de-WhatsApp-2025-06-20-a-las-14.15.49_b28830fe-1024x819.jpg 1024w, https:\/\/aevbts.org\/wp-content\/uploads\/2025\/06\/cropped-Imagen-de-WhatsApp-2025-06-20-a-las-14.15.49_b28830fe-768x614.jpg 768w\" sizes=\"auto, (max-width: 1440px) 100vw, 1440px\" \/>\n                      <div class=\"h-image__frame h-hide-lg h-hide-md h-hide-sm style-662-frameImage style-local-469-c53-frameImage\"><\/div>\n                    <\/div>\n                  <\/div>\n                <\/div>\n              <\/div>\n            <\/div>\n          <\/div>\n          <div class=\"h-column h-column-container d-flex h-col-lg-auto h-col-md-auto h-col-auto align-self-lg-start align-self-md-start align-self-start style-677-outer style-local-469-c54-outer\">\n            <div data-colibri-id=\"469-c54\" class=\"d-flex h-flex-basis h-column__inner h-px-lg-2 h-px-md-2 h-px-2 v-inner-lg-2 v-inner-md-2 v-inner-2 style-677 style-local-469-c54 position-relative\">\n              <!---->\n              <!---->\n              <div class=\"w-100 h-y-container h-column__content h-column__v-align flex-basis-100 align-self-lg-start align-self-md-start align-self-start\">\n                <!---->\n                <div data-colibri-id=\"469-c55\" class=\"h-text h-text-component style-678 style-local-469-c55 position-relative h-element\">\n                  <!---->\n                  <!---->\n                  <div class=\"\">\n                    <p><em style=\"font-weight: 500;\">20 de Junio de 2025<\/em>&nbsp;se ha celebrado una reuni\u00f3n informativa en la sede de la delegaci\u00f3n del gobierno de Canarias entre el delegado del gobierno el Sr. D. Anselmo Pestana Padr\u00f3n y el delegado\n                      zona de Canarias el Sr. D. Jos\u00e9 J. De Le\u00f3n. En la misma se ha dado a conocer al delegado del gobierno de la existencia de nuestra asociaci\u00f3n as\u00ed como los principios fundamentales por los siempre y actualmente seguimos colaborando\n                      y cooperando con nuestro servicio a la sociedad. Del mismo modo se le ha hecho entrega de nuestro dossier y la publicaci\u00f3n semestral. Tambi\u00e9n se le ha hecho entrega de nuevo libro \u00abOroquieta el principio, vivencias de camillero\u00bb\n                      reci\u00e9n presentado oficialmente entre otros, por el Sr. Delegado D. Fernando Beltr\u00e1n Bl\u00e1zquez en Zaragoza, siendo reconocido y admirado por D. Anselmo Pestana, el cual pudo comprobar que nos hab\u00eda brindado el pr\u00f3logo del libro. Durante\n                      toda la reuni\u00f3n, el delegado del gobierno de Canarias, se mostr\u00f3 interesado por nuestra asociaci\u00f3n, la cual recibi\u00f3 con mucho agrado, record\u00e1ndo situaciones de \u00e9pocas pasadas en la isla de La Palma, su isla natal. Acabado dicha reuni\u00f3n,\n                      quedamos emplazados para futuros&nbsp;contactos.<\/p>\n                    <p>Se acompa\u00f1a foto de la reuni\u00f3n<\/p>\n                    <p>\n                      <br>\n                    <\/p>\n                  <\/div>\n                <\/div>\n              <\/div>\n            <\/div>\n          <\/div>\n        <\/div>\n      <\/div>\n      <div data-colibri-id=\"469-c56\" class=\"h-row-container gutters-row-lg-0 gutters-row-md-0 gutters-row-0 gutters-row-v-lg-0 gutters-row-v-md-0 gutters-row-v-0 style-657 style-local-469-c56 position-relative\">\n        <!---->\n        <div class=\"h-row justify-content-lg-center justify-content-md-center justify-content-center align-items-lg-start align-items-md-start align-items-start gutters-col-lg-0 gutters-col-md-0 gutters-col-0 gutters-col-v-lg-0 gutters-col-v-md-0 gutters-col-v-0\">\n          <!---->\n          <div class=\"h-column h-column-container d-flex h-col-lg-auto h-col-md-auto h-col-auto align-self-lg-start align-self-md-start align-self-start style-659-outer style-local-469-c57-outer\">\n            <div data-colibri-id=\"469-c57\" class=\"d-flex h-flex-basis h-column__inner h-px-lg-2 h-px-md-2 h-px-2 v-inner-lg-2 v-inner-md-2 v-inner-2 style-659 style-local-469-c57 position-relative\">\n              <!---->\n              <!---->\n              <div class=\"w-100 h-y-container h-column__content h-column__v-align flex-basis-100 align-self-lg-start align-self-md-start align-self-start\">\n                <!---->\n                <div data-colibri-id=\"469-c58\" class=\"h-text h-text-component style-663 style-local-469-c58 position-relative h-element\">\n                  <!---->\n                  <!---->\n                  <div class=\"\">\n                    <p><em style=\"font-weight: 500;\">18 de Junio de 2025<\/em>, en el incomparable marco del Patio de Santa Teresa del Palacio de la antigua Capitan\u00eda de Zaragoza, se present\u00f3 p\u00fablicamente nuestro libro <em style=\"font-weight: 400;\">\u00abOroquieta, el principio. Vivencias de Camillero\u00bb<\/em>.Al\n                      acto, asistieron las mas altas autoridades civiles y militares, encabezadas por el Excmo. Sr. Delegado del Gobierno en Arag\u00f3n y el General Comandante Militar de Zaragoza y Teruel Excmo Sr. D.Prudencio Horche. Tambi\u00e9n nos acompa\u00f1o\n                      nuestra Madrina la Condesa de Bureta y representantes de diferentes Asociaciones, al igual que antiguos compa\u00f1eros y publico en general.Nuestro Presidente realiz\u00f3 una exposici\u00f3n detallando los principios de Cruz Roja con la figura\n                      de Henry Dunant as\u00ed como los principios de los primeros camilleros bajo el liderazgo de Nicasio Landa, para despu\u00e9s seguir con la explicaci\u00f3n del porque de este libro y su contenido.Tras esta intervenci\u00f3n, dijo unas palabras el Excmo.\n                      Delegado del Gobierno, autor del pr\u00f3logo del libro y tras ellas el Excmo. General Comandante Militar de Zaragoza y Teruel agradeci\u00f3 nuestra presencia y los datos que se aportaron, muchos de ellos desconocidos hasta entonces por los\n                      asistentes e hizo entrega para la asociaci\u00f3n de un ejemplar de la historia del Palacio de Capitan\u00eda.<\/p>\n                    <p>Hay que destacar y es de agradecer el gran inter\u00e9s que demostraron para asistir, varios compa\u00f1eros de Barcelona y Madrid, que no dudaron en hacer kil\u00f3metros para estar presentes en este importante acto.<\/p>\n                    <p>AUTORIDADES E INVITADOS QUE HAN ASISTIDO AL ACTO:<\/p>\n                    <ul>\n                      <li><span style=\"font-weight: 500;\">Delegado del Gobierno de Espa\u00f1a en Arag\u00f3n<\/span>, Excmo. Sr. D. Fernando Beltr\u00e1n Bl\u00e1zquez<\/li>\n                      <li><span style=\"font-weight: 500;\">Condesa de Bureta,<\/span> Excma. Sra. D\u00aa Carmen Izquierdo L\u00f3pez<\/li>\n                      <li><span style=\"font-weight: 500;\">General Jefe de la Brigada Arag\u00f3n I<\/span>, Excmo. Sr. D. Guillermo Garc\u00eda del Barrio Diez<\/li>\n                      <li><span style=\"font-weight: 500;\">General Jefe de la Base A\u00e9rea de Zaragoza<\/span>, Excmo. Sr. D. Pascual Soria Martinez<\/li>\n                      <li><span style=\"font-weight: 500;\">En Representaci\u00f3n del Coronel Jefe de Zona de la Guardia Civil<\/span>, Teniente Coronel D. Antonio Jes\u00fas Rodr\u00edguez C\u00e1mara<\/li>\n                      <li><span style=\"font-weight: 500;\">Presidente de la Real Hermandad de Veteranos de las FFAA y GC<\/span>, Coronel Ilmo. Sr. D. Javier Freixas Puivecino<\/li>\n                      <li><span style=\"font-weight: 500;\">Vicepresidente de la Real Hermandad de Veteranos de las FFAA y GC<\/span>, D. Ignacio Follos Agorreta<\/li>\n                      <li><span style=\"font-weight: 500;\">Presidente de la Asociaci\u00f3n Catalana de Soldados Veteranos de Monta\u00f1a<\/span>, D. Manuel Maluenda Gelabert<\/li>\n                      <li><span style=\"font-weight: 500;\">Presidente de la Asociaci\u00f3n Guerrilleros COE 51 de Zaragoza<\/span>, D. Juli\u00e1n Hern\u00e1ndez Forni\u00e9s<\/li>\n                      <li><span style=\"font-weight: 500;\">Jefe de RR.PP e Institucionales de los Reales Tercios de Espa\u00f1a<\/span>, D. Manuel Grao<\/li>\n                      <li><span style=\"font-weight: 500;\">Expresidente de la Asociaci\u00f3n de Veteranos Paracaidistas de Arag\u00f3n<\/span>, D.&nbsp;Alfonso&nbsp;Merino<\/li>\n                    <\/ul>\n                    <p>Se acompa\u00f1an 2 fotos del acto<\/p>\n                  <\/div>\n                <\/div>\n              <\/div>\n            <\/div>\n          <\/div>\n          <div class=\"h-column h-column-container d-flex h-col-lg-auto h-col-md-auto h-col-auto align-self-lg-start align-self-md-start align-self-start style-661-outer style-local-469-c59-outer\">\n            <div data-colibri-id=\"469-c59\" class=\"d-flex h-flex-basis h-column__inner h-px-lg-2 h-px-md-2 h-px-2 v-inner-lg-2 v-inner-md-2 v-inner-2 style-661 style-local-469-c59 position-relative\">\n              <!---->\n              <!---->\n              <div class=\"w-100 h-y-container h-column__content h-column__v-align flex-basis-100 align-self-lg-start align-self-md-start align-self-start\">\n                <!---->\n                <div data-colibri-id=\"469-c60\" class=\"d-block style-662 style-local-469-c60 position-relative h-element\">\n                  <!---->\n                  <div class=\"h-image__frame-container-outer\">\n                    <div class=\"h-image__frame-container\">\n                      <!---->\n                      <!---->\n                      <img loading=\"lazy\" decoding=\"async\" width=\"1598\" height=\"1081\" src=\"https:\/\/aevbts.org\/wp-content\/uploads\/2025\/06\/cropped-Imagen-de-WhatsApp-2025-06-19-a-las-19.05.08_aac6258e.jpg\" class=\"wp-image-1304 style-662-image style-local-469-c60-image\" alt=\"\" srcset=\"https:\/\/aevbts.org\/wp-content\/uploads\/2025\/06\/cropped-Imagen-de-WhatsApp-2025-06-19-a-las-19.05.08_aac6258e.jpg 1598w, https:\/\/aevbts.org\/wp-content\/uploads\/2025\/06\/cropped-Imagen-de-WhatsApp-2025-06-19-a-las-19.05.08_aac6258e-300x203.jpg 300w, https:\/\/aevbts.org\/wp-content\/uploads\/2025\/06\/cropped-Imagen-de-WhatsApp-2025-06-19-a-las-19.05.08_aac6258e-1024x693.jpg 1024w, https:\/\/aevbts.org\/wp-content\/uploads\/2025\/06\/cropped-Imagen-de-WhatsApp-2025-06-19-a-las-19.05.08_aac6258e-768x520.jpg 768w, https:\/\/aevbts.org\/wp-content\/uploads\/2025\/06\/cropped-Imagen-de-WhatsApp-2025-06-19-a-las-19.05.08_aac6258e-1536x1039.jpg 1536w\" sizes=\"auto, (max-width: 1598px) 100vw, 1598px\" \/>\n                      <div class=\"h-image__frame h-hide-lg h-hide-md h-hide-sm style-662-frameImage style-local-469-c60-frameImage\"><\/div>\n                    <\/div>\n                  <\/div>\n                <\/div>\n              <\/div>\n            <\/div>\n          <\/div>\n          <div class=\"h-column h-column-container d-flex h-col-lg-auto h-col-md-auto h-col-auto align-self-lg-start align-self-md-start align-self-start style-661-outer style-local-469-c61-outer\">\n            <div data-colibri-id=\"469-c61\" class=\"d-flex h-flex-basis h-column__inner h-px-lg-2 h-px-md-2 h-px-2 v-inner-lg-2 v-inner-md-2 v-inner-2 style-661 style-local-469-c61 position-relative\">\n              <!---->\n              <!---->\n              <div class=\"w-100 h-y-container h-column__content h-column__v-align flex-basis-100 align-self-lg-start align-self-md-start align-self-start\">\n                <!---->\n                <div data-colibri-id=\"469-c62\" class=\"d-block style-662 style-local-469-c62 position-relative h-element\">\n                  <!---->\n                  <div class=\"h-image__frame-container-outer\">\n                    <div class=\"h-image__frame-container\">\n                      <!---->\n                      <!---->\n                      <img loading=\"lazy\" decoding=\"async\" width=\"1598\" height=\"1200\" src=\"https:\/\/aevbts.org\/wp-content\/uploads\/2025\/06\/cropped-Imagen-de-WhatsApp-2025-06-19-a-las-19.05.09_1ed95189.jpg\" class=\"wp-image-1306 style-662-image style-local-469-c62-image\" alt=\"\" srcset=\"https:\/\/aevbts.org\/wp-content\/uploads\/2025\/06\/cropped-Imagen-de-WhatsApp-2025-06-19-a-las-19.05.09_1ed95189.jpg 1598w, https:\/\/aevbts.org\/wp-content\/uploads\/2025\/06\/cropped-Imagen-de-WhatsApp-2025-06-19-a-las-19.05.09_1ed95189-300x225.jpg 300w, https:\/\/aevbts.org\/wp-content\/uploads\/2025\/06\/cropped-Imagen-de-WhatsApp-2025-06-19-a-las-19.05.09_1ed95189-1024x769.jpg 1024w, https:\/\/aevbts.org\/wp-content\/uploads\/2025\/06\/cropped-Imagen-de-WhatsApp-2025-06-19-a-las-19.05.09_1ed95189-768x577.jpg 768w, https:\/\/aevbts.org\/wp-content\/uploads\/2025\/06\/cropped-Imagen-de-WhatsApp-2025-06-19-a-las-19.05.09_1ed95189-1536x1153.jpg 1536w\" sizes=\"auto, (max-width: 1598px) 100vw, 1598px\" \/>\n                      <div class=\"h-image__frame h-hide-lg h-hide-md h-hide-sm style-662-frameImage style-local-469-c62-frameImage\"><\/div>\n                    <\/div>\n                  <\/div>\n                <\/div>\n              <\/div>\n            <\/div>\n          <\/div>\n        <\/div>\n      <\/div>\n      <div data-colibri-id=\"469-c63\" class=\"h-row-container gutters-row-lg-2 gutters-row-md-2 gutters-row-2 gutters-row-v-lg-2 gutters-row-v-md-2 gutters-row-v-2 style-582 style-local-469-c63 position-relative\">\n        <!---->\n        <div class=\"h-row justify-content-lg-center justify-content-md-center justify-content-center align-items-lg-stretch align-items-md-stretch align-items-stretch gutters-col-lg-2 gutters-col-md-2 gutters-col-2 gutters-col-v-lg-2 gutters-col-v-md-2 gutters-col-v-2\">\n          <!---->\n          <div class=\"h-column h-column-container d-flex h-col-lg-auto h-col-md-auto h-col-auto style-583-outer style-local-469-c64-outer\">\n            <div data-colibri-id=\"469-c64\" class=\"d-flex h-flex-basis h-column__inner h-px-lg-0 h-px-md-0 h-px-0 v-inner-lg-0 v-inner-md-0 v-inner-0 style-583 style-local-469-c64 position-relative\">\n              <!---->\n              <!---->\n              <div class=\"w-100 h-y-container h-column__content h-column__v-align flex-basis-100 align-self-lg-start align-self-md-start align-self-start\">\n                <!---->\n                <div data-colibri-id=\"469-c65\" class=\"h-row-container gutters-row-lg-2 gutters-row-md-2 gutters-row-2 gutters-row-v-lg-2 gutters-row-v-md-2 gutters-row-v-2 style-584 style-local-469-c65 position-relative\">\n                  <!---->\n                  <div class=\"h-row justify-content-lg-center justify-content-md-center justify-content-center align-items-lg-stretch align-items-md-stretch align-items-stretch gutters-col-lg-2 gutters-col-md-2 gutters-col-2 gutters-col-v-lg-2 gutters-col-v-md-2 gutters-col-v-2\">\n                    <!---->\n                    <div class=\"h-column h-column-container d-flex h-col-lg-auto h-col-md-auto h-col-auto style-585-outer style-local-469-c66-outer\">\n                      <div data-colibri-id=\"469-c66\" class=\"d-flex h-flex-basis h-column__inner h-px-lg-0 h-px-md-0 h-px-0 v-inner-lg-0 v-inner-md-0 v-inner-0 style-585 style-local-469-c66 position-relative\">\n                        <!---->\n                        <!---->\n                        <div class=\"w-100 h-y-container h-column__content h-column__v-align flex-basis-100 align-self-lg-center align-self-md-center align-self-center\">\n                          <!---->\n                          <div data-colibri-id=\"469-c67\" class=\"h-text h-text-component style-591 style-local-469-c67 position-relative h-element\">\n                            <!---->\n                            <!---->\n                            <div class=\"\">\n                              <p><em style=\"font-weight: 500;\">13 de Junio de 2025<\/em>.- Celebraci\u00f3n del aniversario de la Batalla de las Eras, primera de las que se disputaron en Zaragoza, con motivo del Primer Sitio de Zaragoza en 1808, en la Guerra de\n                                la Independencia.&nbsp;&nbsp;Al acto, organizado por la Asociaci\u00f3n Cultural de los Sitios, asisto una amplia representaci\u00f3n de autoridades militares, encabezadas por el comandante Militar de Zaragoza y Teruel, General de\n                                Brigada, Excmo. Sr. D. Prudencio Horche Moreno, as\u00ed como los C\u00f3nsules de Polonia en Barcelona y de Francia en Zaragoza, y diferentes autoridades civiles y municipales. (Se acompa\u00f1a fotograf\u00eda de familia con los principales\n                                asistentes a este acto).&nbsp;&nbsp;<\/p>\n                            <\/div>\n                          <\/div>\n                        <\/div>\n                      <\/div>\n                    <\/div>\n                    <div class=\"h-column h-column-container d-flex h-col-lg-auto h-col-md-auto h-col-auto style-592-outer style-local-469-c68-outer\">\n                      <div data-colibri-id=\"469-c68\" class=\"d-flex h-flex-basis h-column__inner h-px-lg-0 h-px-md-0 h-px-0 v-inner-lg-0 v-inner-md-0 v-inner-0 style-592 style-local-469-c68 position-relative\">\n                        <!---->\n                        <!---->\n                        <div class=\"w-100 h-y-container h-column__content h-column__v-align flex-basis-100 align-self-lg-center align-self-md-center align-self-center\">\n                          <!---->\n                          <div data-colibri-id=\"469-c69\" class=\"d-block style-604 style-local-469-c69 position-relative h-element\">\n                            <!---->\n                            <div class=\"h-image__frame-container-outer\">\n                              <div class=\"h-image__frame-container\">\n                                <!---->\n                                <!---->\n                                <img loading=\"lazy\" decoding=\"async\" width=\"1389\" height=\"923\" src=\"https:\/\/aevbts.org\/wp-content\/uploads\/2025\/06\/DSC0117.jpg\" class=\"wp-image-1187 style-604-image style-local-469-c69-image\" alt=\"\" srcset=\"https:\/\/aevbts.org\/wp-content\/uploads\/2025\/06\/DSC0117.jpg 1389w, https:\/\/aevbts.org\/wp-content\/uploads\/2025\/06\/DSC0117-300x199.jpg 300w, https:\/\/aevbts.org\/wp-content\/uploads\/2025\/06\/DSC0117-1024x680.jpg 1024w, https:\/\/aevbts.org\/wp-content\/uploads\/2025\/06\/DSC0117-768x510.jpg 768w\" sizes=\"auto, (max-width: 1389px) 100vw, 1389px\" \/>\n                                <div class=\"h-image__frame h-hide-lg h-hide-md h-hide-sm style-604-frameImage style-local-469-c69-frameImage\"><\/div>\n                              <\/div>\n                            <\/div>\n                          <\/div>\n                        <\/div>\n                      <\/div>\n                    <\/div>\n                  <\/div>\n                <\/div>\n                <div data-colibri-id=\"469-c70\" class=\"h-row-container gutters-row-lg-2 gutters-row-md-2 gutters-row-2 gutters-row-v-lg-2 gutters-row-v-md-2 gutters-row-v-2 style-584 style-local-469-c70 position-relative\">\n                  <!---->\n                  <div class=\"h-row justify-content-lg-center justify-content-md-center justify-content-center align-items-lg-stretch align-items-md-stretch align-items-stretch gutters-col-lg-2 gutters-col-md-2 gutters-col-2 gutters-col-v-lg-2 gutters-col-v-md-2 gutters-col-v-2\">\n                    <!---->\n                    <div class=\"h-column h-column-container d-flex h-col-lg-auto h-col-md-auto h-col-auto style-589-outer style-local-469-c71-outer\">\n                      <div data-colibri-id=\"469-c71\" class=\"d-flex h-flex-basis h-column__inner h-px-lg-0 h-px-md-0 h-px-0 v-inner-lg-0 v-inner-md-0 v-inner-0 style-589 style-local-469-c71 position-relative\">\n                        <!---->\n                        <!---->\n                        <div class=\"w-100 h-y-container h-column__content h-column__v-align flex-basis-100 align-self-lg-center align-self-md-center align-self-center\">\n                          <!---->\n                          <div data-colibri-id=\"469-c72\" class=\"d-block style-603 style-local-469-c72 position-relative h-element\">\n                            <!---->\n                            <div class=\"h-image__frame-container-outer\">\n                              <div class=\"h-image__frame-container\">\n                                <!---->\n                                <!---->\n                                <img loading=\"lazy\" decoding=\"async\" width=\"710\" height=\"468\" src=\"https:\/\/aevbts.org\/wp-content\/uploads\/2025\/06\/MEDALLA-AMBERSO-Y-REVERSO.jpg\" class=\"wp-image-1191 style-603-image style-local-469-c72-image\" alt=\"\" srcset=\"https:\/\/aevbts.org\/wp-content\/uploads\/2025\/06\/MEDALLA-AMBERSO-Y-REVERSO.jpg 710w, https:\/\/aevbts.org\/wp-content\/uploads\/2025\/06\/MEDALLA-AMBERSO-Y-REVERSO-300x198.jpg 300w\" sizes=\"auto, (max-width: 710px) 100vw, 710px\" \/>\n                                <div class=\"h-image__frame h-hide-lg h-hide-md h-hide-sm style-603-frameImage style-local-469-c72-frameImage\"><\/div>\n                              <\/div>\n                            <\/div>\n                          <\/div>\n                        <\/div>\n                      <\/div>\n                    <\/div>\n                    <div class=\"h-column h-column-container d-flex h-col-lg-auto h-col-md-auto h-col-auto style-585-outer style-local-469-c73-outer\">\n                      <div data-colibri-id=\"469-c73\" class=\"d-flex h-flex-basis h-column__inner h-px-lg-0 h-px-md-0 h-px-0 v-inner-lg-0 v-inner-md-0 v-inner-0 style-585 style-local-469-c73 position-relative\">\n                        <!---->\n                        <!---->\n                        <div class=\"w-100 h-y-container h-column__content h-column__v-align flex-basis-100 align-self-lg-center align-self-md-center align-self-center\">\n                          <!---->\n                          <div data-colibri-id=\"469-c74\" class=\"h-text h-text-component style-590 style-local-469-c74 position-relative h-element\">\n                            <!---->\n                            <!---->\n                            <div class=\"\">\n                              <p><em style=\"font-weight: 500;\">8 de Junio de 2025<\/em>.- Se celebr\u00f3 en la Pedan\u00eda de Barbarroja (Orihuela-Alicante) un homenaje civil a la bandera y al soldado espa\u00f1ol de todos los tiempos.&nbsp;Tras el izado de bandera y\n                                homenaje a los que dieron su vida por Espa\u00f1a, se concedieron diversas condecoraciones, siendo a nuestra Asociaci\u00f3n concedida la Medalla de San Benedictus, cuya concesi\u00f3n agradecemos infinitamente, y que recogieron en nombre\n                                y representaci\u00f3n de nuestra Asociaci\u00f3n el Delegado e integrantes de la Delegaci\u00f3n de Zona de Valencia. (Se acompa\u00f1a fotograf\u00eda con el anverso y reverso de la medalla concedida)&nbsp;<\/p>\n                            <\/div>\n                          <\/div>\n                        <\/div>\n                      <\/div>\n                    <\/div>\n                  <\/div>\n                <\/div>\n              <\/div>\n            <\/div>\n          <\/div>\n        <\/div>\n      <\/div>\n      <div data-colibri-id=\"469-c75\" class=\"h-row-container gutters-row-lg-2 gutters-row-md-2 gutters-row-2 gutters-row-v-lg-2 gutters-row-v-md-2 gutters-row-v-2 style-582 style-local-469-c75 position-relative\">\n        <!---->\n        <div class=\"h-row justify-content-lg-center justify-content-md-center justify-content-center align-items-lg-stretch align-items-md-stretch align-items-stretch gutters-col-lg-2 gutters-col-md-2 gutters-col-2 gutters-col-v-lg-2 gutters-col-v-md-2 gutters-col-v-2\">\n          <!---->\n          <div class=\"h-column h-column-container d-flex h-col-lg-auto h-col-md-auto h-col-auto style-583-outer style-local-469-c76-outer\">\n            <div data-colibri-id=\"469-c76\" class=\"d-flex h-flex-basis h-column__inner h-px-lg-0 h-px-md-0 h-px-0 v-inner-lg-0 v-inner-md-0 v-inner-0 style-583 style-local-469-c76 position-relative\">\n              <!---->\n              <!---->\n              <div class=\"w-100 h-y-container h-column__content h-column__v-align flex-basis-100 align-self-lg-start align-self-md-start align-self-start\">\n                <!---->\n                <div data-colibri-id=\"469-c77\" class=\"h-row-container gutters-row-lg-2 gutters-row-md-2 gutters-row-2 gutters-row-v-lg-2 gutters-row-v-md-2 gutters-row-v-2 style-584 style-local-469-c77 position-relative\">\n                  <!---->\n                  <div class=\"h-row justify-content-lg-center justify-content-md-center justify-content-center align-items-lg-stretch align-items-md-stretch align-items-stretch gutters-col-lg-2 gutters-col-md-2 gutters-col-2 gutters-col-v-lg-2 gutters-col-v-md-2 gutters-col-v-2\">\n                    <!---->\n                    <div class=\"h-column h-column-container d-flex h-col-lg-auto h-col-md-auto h-col-auto style-585-outer style-local-469-c78-outer\">\n                      <div data-colibri-id=\"469-c78\" class=\"d-flex h-flex-basis h-column__inner h-px-lg-0 h-px-md-0 h-px-0 v-inner-lg-0 v-inner-md-0 v-inner-0 style-585 style-local-469-c78 position-relative\">\n                        <!---->\n                        <!---->\n                        <div class=\"w-100 h-y-container h-column__content h-column__v-align flex-basis-100 align-self-lg-center align-self-md-center align-self-center\">\n                          <!---->\n                          <div data-colibri-id=\"469-c79\" class=\"h-text h-text-component style-591 style-local-469-c79 position-relative h-element\">\n                            <!---->\n                            <!---->\n                            <div class=\"\">\n                              <p><em style=\"font-weight: 500;\">13 de Mayo de 2025<\/em>.-&nbsp;Celebraci\u00f3n del 181 Aniversario de la fundaci\u00f3n de la Guardia Civil.&nbsp;&nbsp;Nuestro Presidente, asisti\u00f3 invitado por el Coronel Jefe Accidental de la V Zona\n                                de la Guardia Civil, a los actos conmemorativos del 181 aniversario de la Fundaci\u00f3n de este benem\u00e9rito cuerpo.&nbsp;En dicho acto, nuestro presidente, tuvo ocasi\u00f3n de dialogar con diferentes autoridades civiles y militares\n                                y hacerles una breve presentaci\u00f3n de nuestra Asociaci\u00f3n. (Se acompa\u00f1a fotograf\u00eda de nuestro Presidente con la exconcejal del Ayuntamiento de Zaragoza, D\u00aa Patricia Cavero).<\/p>\n                            <\/div>\n                          <\/div>\n                        <\/div>\n                      <\/div>\n                    <\/div>\n                    <div class=\"h-column h-column-container d-flex h-col-lg-auto h-col-md-auto h-col-auto style-592-outer style-local-469-c80-outer\">\n                      <div data-colibri-id=\"469-c80\" class=\"d-flex h-flex-basis h-column__inner h-px-lg-0 h-px-md-0 h-px-0 v-inner-lg-0 v-inner-md-0 v-inner-0 style-592 style-local-469-c80 position-relative\">\n                        <!---->\n                        <!---->\n                        <div class=\"w-100 h-y-container h-column__content h-column__v-align flex-basis-100 align-self-lg-center align-self-md-center align-self-center\">\n                          <!---->\n                          <div data-colibri-id=\"469-c81\" class=\"d-block style-604 style-local-469-c81 position-relative h-element\">\n                            <!---->\n                            <div class=\"h-image__frame-container-outer\">\n                              <div class=\"h-image__frame-container\">\n                                <!---->\n                                <!---->\n                                <img loading=\"lazy\" decoding=\"async\" width=\"904\" height=\"923\" src=\"https:\/\/aevbts.org\/wp-content\/uploads\/2025\/06\/DSC0332.jpg\" class=\"wp-image-1188 style-604-image style-local-469-c81-image\" alt=\"\" srcset=\"https:\/\/aevbts.org\/wp-content\/uploads\/2025\/06\/DSC0332.jpg 904w, https:\/\/aevbts.org\/wp-content\/uploads\/2025\/06\/DSC0332-294x300.jpg 294w, https:\/\/aevbts.org\/wp-content\/uploads\/2025\/06\/DSC0332-768x784.jpg 768w\" sizes=\"auto, (max-width: 904px) 100vw, 904px\" \/>\n                                <div class=\"h-image__frame h-hide-lg h-hide-md h-hide-sm style-604-frameImage style-local-469-c81-frameImage\"><\/div>\n                              <\/div>\n                            <\/div>\n                          <\/div>\n                        <\/div>\n                      <\/div>\n                    <\/div>\n                  <\/div>\n                <\/div>\n                <div data-colibri-id=\"469-c82\" class=\"h-row-container gutters-row-lg-2 gutters-row-md-2 gutters-row-2 gutters-row-v-lg-2 gutters-row-v-md-2 gutters-row-v-2 style-584 style-local-469-c82 position-relative\">\n                  <!---->\n                  <div class=\"h-row justify-content-lg-center justify-content-md-center justify-content-center align-items-lg-stretch align-items-md-stretch align-items-stretch gutters-col-lg-2 gutters-col-md-2 gutters-col-2 gutters-col-v-lg-2 gutters-col-v-md-2 gutters-col-v-2\">\n                    <!---->\n                    <div class=\"h-column h-column-container d-flex h-col-lg-auto h-col-md-auto h-col-auto style-589-outer style-local-469-c83-outer\">\n                      <div data-colibri-id=\"469-c83\" class=\"d-flex h-flex-basis h-column__inner h-px-lg-0 h-px-md-0 h-px-0 v-inner-lg-0 v-inner-md-0 v-inner-0 style-589 style-local-469-c83 position-relative\">\n                        <!---->\n                        <!---->\n                        <div class=\"w-100 h-y-container h-column__content h-column__v-align flex-basis-100 align-self-lg-center align-self-md-center align-self-center\">\n                          <!---->\n                          <div data-colibri-id=\"469-c84\" class=\"d-block style-603 style-local-469-c84 position-relative h-element\">\n                            <!---->\n                            <div class=\"h-image__frame-container-outer\">\n                              <div class=\"h-image__frame-container\">\n                                <!---->\n                                <!---->\n                                <img loading=\"lazy\" decoding=\"async\" width=\"1600\" height=\"1200\" src=\"https:\/\/aevbts.org\/wp-content\/uploads\/2025\/06\/e548f054-e965-4f1f-b32d-ceed3a057a21.jpg\" class=\"wp-image-1190 style-603-image style-local-469-c84-image\" alt=\"\" srcset=\"https:\/\/aevbts.org\/wp-content\/uploads\/2025\/06\/e548f054-e965-4f1f-b32d-ceed3a057a21.jpg 1600w, https:\/\/aevbts.org\/wp-content\/uploads\/2025\/06\/e548f054-e965-4f1f-b32d-ceed3a057a21-300x225.jpg 300w, https:\/\/aevbts.org\/wp-content\/uploads\/2025\/06\/e548f054-e965-4f1f-b32d-ceed3a057a21-1024x768.jpg 1024w, https:\/\/aevbts.org\/wp-content\/uploads\/2025\/06\/e548f054-e965-4f1f-b32d-ceed3a057a21-768x576.jpg 768w, https:\/\/aevbts.org\/wp-content\/uploads\/2025\/06\/e548f054-e965-4f1f-b32d-ceed3a057a21-1536x1152.jpg 1536w\" sizes=\"auto, (max-width: 1600px) 100vw, 1600px\" \/>\n                                <div class=\"h-image__frame h-hide-lg h-hide-md h-hide-sm style-603-frameImage style-local-469-c84-frameImage\"><\/div>\n                              <\/div>\n                            <\/div>\n                          <\/div>\n                        <\/div>\n                      <\/div>\n                    <\/div>\n                    <div class=\"h-column h-column-container d-flex h-col-lg-auto h-col-md-auto h-col-auto style-585-outer style-local-469-c85-outer\">\n                      <div data-colibri-id=\"469-c85\" class=\"d-flex h-flex-basis h-column__inner h-px-lg-0 h-px-md-0 h-px-0 v-inner-lg-0 v-inner-md-0 v-inner-0 style-585 style-local-469-c85 position-relative\">\n                        <!---->\n                        <!---->\n                        <div class=\"w-100 h-y-container h-column__content h-column__v-align flex-basis-100 align-self-lg-center align-self-md-center align-self-center\">\n                          <!---->\n                          <div data-colibri-id=\"469-c86\" class=\"h-text h-text-component style-590 style-local-469-c86 position-relative h-element\">\n                            <!---->\n                            <!---->\n                            <div class=\"\">\n                              <p><em style=\"font-weight: 500;\">1 de Abril de 2025.-<\/em>Por fin y despu\u00e9s de casi cinco a\u00f1os de conversaciones y viajes a Madrid, hemos llegado a un acuerdo con la Asamblea Suprema de Cruz Roja Espa\u00f1ola, en el que se reconoce\n                                nuestra existencia y nuestra labor como Asociaci\u00f3n de Veteranos, en recuerdo del trabajo que en su d\u00eda realiz\u00f3 el Cuerpo de Tropas de Socorro de Cruz Roja Espa\u00f1ola y lo que es m\u00e1s importante, se reconoce expl\u00edcitamente\n                                la gran labor llevada a cabo por el Cuerpo de Tropas de Socorro, hasta su disoluci\u00f3n el 25 de Octubre de 1988, dentro del organigrama y estructura de Cruz Roja Espa\u00f1ola.&nbsp;(se acompa\u00f1a fotograf\u00eda del momento de la firma\n                                del citado acuerdo entre la Secretaria General dela Asamblea Suprema, D\u00aa Asunci\u00f3n Montero y el Presidente de la Asociaci\u00f3n Espa\u00f1ola de Veteranos de las Brigadas de Tropas de Socorro, D. Tom\u00e1s Vela, en presencia del Secretario\n                                de la Asociaci\u00f3n D. Manuel Maluenda)&nbsp;<\/p>\n                            <\/div>\n                          <\/div>\n                        <\/div>\n                      <\/div>\n                    <\/div>\n                  <\/div>\n                <\/div>\n              <\/div>\n            <\/div>\n          <\/div>\n        <\/div>\n      <\/div>\n      <div data-colibri-id=\"469-c87\" class=\"h-row-container gutters-row-lg-2 gutters-row-md-2 gutters-row-2 gutters-row-v-lg-2 gutters-row-v-md-2 gutters-row-v-2 style-584 style-local-469-c87 position-relative\">\n        <!---->\n        <div class=\"h-row justify-content-lg-center justify-content-md-center justify-content-center align-items-lg-stretch align-items-md-stretch align-items-stretch gutters-col-lg-2 gutters-col-md-2 gutters-col-2 gutters-col-v-lg-2 gutters-col-v-md-2 gutters-col-v-2\">\n          <!---->\n          <div class=\"h-column h-column-container d-flex h-col-lg-auto h-col-md-auto h-col-auto style-585-outer style-local-469-c88-outer\">\n            <div data-colibri-id=\"469-c88\" class=\"d-flex h-flex-basis h-column__inner h-px-lg-0 h-px-md-0 h-px-0 v-inner-lg-0 v-inner-md-0 v-inner-0 style-585 style-local-469-c88 position-relative\">\n              <!---->\n              <!---->\n              <div class=\"w-100 h-y-container h-column__content h-column__v-align flex-basis-100 align-self-lg-center align-self-md-center align-self-center\">\n                <!---->\n                <div data-colibri-id=\"469-c89\" class=\"h-text h-text-component style-587 style-local-469-c89 position-relative h-element\">\n                  <!---->\n                  <!---->\n                  <div class=\"\">\n                    <p><em style=\"font-weight: 500;\">10 de Febrero de 2025<\/em>.-Importante momento para nuestra Asociaci\u00f3n.&nbsp;El Excmo. Sr. Delegado del Gobierno de Espa\u00f1a en Arag\u00f3n, D. Fernando Beltr\u00e1n Bl\u00e1zquez, hace la entrega oficial a nuestra Asociaci\u00f3n\n                      de la Ense\u00f1a Nacional, que desde este d\u00eda nos acompa\u00f1ar\u00e1 en nuestros actos.&nbsp;&nbsp;La bandera, est\u00e1 confeccionada en tela de sat\u00e9n, con bordados a mano en oro, plata y sedas de los colores correspondientes al Escudo Nacional,\n                      y la corona va adornada con pedrer\u00eda blanca.&nbsp;&nbsp;Es digno mencionar, que dicha bandera, ha sido una donaci\u00f3n realizada por nuestro secretario D. Manuel Maluenda. (Se acompa\u00f1a fotograf\u00eda del momento de la entrega de la Bandera,\n                      realizada en el despacho oficial del Sr. Delegado del Gobierno)&nbsp;<\/p>\n                  <\/div>\n                <\/div>\n              <\/div>\n            <\/div>\n          <\/div>\n          <div class=\"h-column h-column-container d-flex h-col-lg-auto h-col-md-auto h-col-auto style-588-outer style-local-469-c90-outer\">\n            <div data-colibri-id=\"469-c90\" class=\"d-flex h-flex-basis h-column__inner h-px-lg-0 h-px-md-0 h-px-0 v-inner-lg-0 v-inner-md-0 v-inner-0 style-588 style-local-469-c90 position-relative\">\n              <!---->\n              <!---->\n              <div class=\"w-100 h-y-container h-column__content h-column__v-align flex-basis-100 align-self-lg-center align-self-md-center align-self-center\">\n                <!---->\n                <div data-colibri-id=\"469-c91\" class=\"d-block style-602 style-local-469-c91 position-relative h-element\">\n                  <!---->\n                  <div class=\"h-image__frame-container-outer\">\n                    <div class=\"h-image__frame-container\">\n                      <!---->\n                      <!---->\n                      <img loading=\"lazy\" decoding=\"async\" width=\"1165\" height=\"923\" src=\"https:\/\/aevbts.org\/wp-content\/uploads\/2025\/06\/DSC0942.jpg\" class=\"wp-image-1189 style-602-image style-local-469-c91-image\" alt=\"\" srcset=\"https:\/\/aevbts.org\/wp-content\/uploads\/2025\/06\/DSC0942.jpg 1165w, https:\/\/aevbts.org\/wp-content\/uploads\/2025\/06\/DSC0942-300x238.jpg 300w, https:\/\/aevbts.org\/wp-content\/uploads\/2025\/06\/DSC0942-1024x811.jpg 1024w, https:\/\/aevbts.org\/wp-content\/uploads\/2025\/06\/DSC0942-768x608.jpg 768w\" sizes=\"auto, (max-width: 1165px) 100vw, 1165px\" \/>\n                      <div class=\"h-image__frame h-hide-lg h-hide-md h-hide-sm style-602-frameImage style-local-469-c91-frameImage\"><\/div>\n                    <\/div>\n                  <\/div>\n                <\/div>\n              <\/div>\n            <\/div>\n          <\/div>\n        <\/div>\n      <\/div>\n    <\/div>\n  <\/div>\n<\/div>","protected":false},"excerpt":{"rendered":"<p>Ultimas noticias relacionadas con la asociaci\u00f3n 05 de Octubre de 2025.&#8211; Actos de [&hellip;]<\/p>\n","protected":false},"author":1,"featured_media":0,"parent":0,"menu_order":0,"comment_status":"closed","ping_status":"closed","template":"page-templates\/full-width-page.php","meta":{"footnotes":""},"class_list":["post-469","page","type-page","status-publish","hentry"],"_links":{"self":[{"href":"https:\/\/aevbts.org\/index.php?rest_route=\/wp\/v2\/pages\/469","targetHints":{"allow":["GET"]}}],"collection":[{"href":"https:\/\/aevbts.org\/index.php?rest_route=\/wp\/v2\/pages"}],"about":[{"href":"https:\/\/aevbts.org\/index.php?rest_route=\/wp\/v2\/types\/page"}],"author":[{"embeddable":true,"href":"https:\/\/aevbts.org\/index.php?rest_route=\/wp\/v2\/users\/1"}],"replies":[{"embeddable":true,"href":"https:\/\/aevbts.org\/index.php?rest_route=%2Fwp%2Fv2%2Fcomments&post=469"}],"version-history":[{"count":18,"href":"https:\/\/aevbts.org\/index.php?rest_route=\/wp\/v2\/pages\/469\/revisions"}],"predecessor-version":[{"id":1549,"href":"https:\/\/aevbts.org\/index.php?rest_route=\/wp\/v2\/pages\/469\/revisions\/1549"}],"wp:attachment":[{"href":"https:\/\/aevbts.org\/index.php?rest_route=%2Fwp%2Fv2%2Fmedia&parent=469"}],"curies":[{"name":"wp","href":"https:\/\/api.w.org\/{rel}","templated":true}]}}